{"id":2818,"date":"2026-01-12T08:08:32","date_gmt":"2026-01-12T08:08:32","guid":{"rendered":"https:\/\/ntccglobal.com\/?post_type=portfolio&#038;p=2818"},"modified":"2026-01-24T08:29:33","modified_gmt":"2026-01-24T08:29:33","slug":"camion-de-lutte-contre-lincendie-equipe-mercedes-44","status":"publish","type":"portfolio","link":"https:\/\/ntccglobal.com\/fr\/products\/camion-de-lutte-contre-lincendie-equipe-mercedes-44\/","title":{"rendered":"Camion de lutte contre l\u2019incendie \u00e9quip\u00e9 \u2013 MERCEDES 4\u00d74"},"content":{"rendered":"<section class=\"wpb-content-wrapper\"><p>[vc_row el_class=\u00a0\u00bbcust_gal\u00a0\u00bb][vc_column]<div id=\"cz_99185\" class=\"cz_99185 cz_title clr cz_mobile_text_center cz_title_pos_inline center_title\"><div class=\"cz_title_content\"><div class=\"cz_wpe_content\"><p><span class=\"sub_title\">Produits &amp; Fabrications<\/span><\/p>\n<h1 data-start=\"0\" data-end=\"61\"><strong data-start=\"0\" data-end=\"59\">Camion de lutte contre l\u2019incendie \u00e9quip\u00e9 \u2013 MERCEDES 4\u00d74<\/strong><\/h1>\n<\/div><\/div><\/div><div class=\"cz_gap clr \" style=\"height: 14px\"><\/div><div id=\"cz_96609\" class=\"cz_grid_p cz_96609\"><div class=\"cz_grid cz_grid_1 clr cz_metro_5 cz_grid_c3 cz_grid_1_no_title cz_grid_1_mid tac cust_gal\"><div class=\"cz_grid_item cz_grid_first\"><\/div><div class=\"cz_grid_item \"><div><a class=\"cz_grid_link \" href=\"https:\/\/ntccglobal.com\/wp-content\/uploads\/2026\/01\/4J8T9428-700x450-1.jpg\" data-xtra-lightbox><img decoding=\"async\" width=\"600\" height=\"450\" src=\"https:\/\/ntccglobal.com\/wp-content\/uploads\/2026\/01\/4J8T9428-700x450-1-600x450.jpg\" class=\"attachment-codevz_600_600\" alt=\"\" title=\"4J8T9428-700x450\" \/><div class=\"cz_grid_details\"><i class=\"fa czico-142-search-6 cz_grid_icon\"><\/i><\/div><\/a><\/div><\/div><div class=\"cz_grid_item \"><div><a class=\"cz_grid_link \" href=\"https:\/\/ntccglobal.com\/wp-content\/uploads\/2026\/01\/ein-mercedes-benz-actros-2031-aufgebaut-9525.jpg\" data-xtra-lightbox><img decoding=\"async\" width=\"600\" height=\"599\" src=\"https:\/\/ntccglobal.com\/wp-content\/uploads\/2026\/01\/ein-mercedes-benz-actros-2031-aufgebaut-9525-600x599.jpg\" class=\"attachment-codevz_600_600\" alt=\"\" title=\"ein-mercedes-benz-actros-2031-aufgebaut-9525\" srcset=\"https:\/\/ntccglobal.com\/wp-content\/uploads\/2026\/01\/ein-mercedes-benz-actros-2031-aufgebaut-9525-600x599.jpg 600w, https:\/\/ntccglobal.com\/wp-content\/uploads\/2026\/01\/ein-mercedes-benz-actros-2031-aufgebaut-9525-150x150.jpg 150w\" sizes=\"(max-width: 600px) 100vw, 600px\" \/><div class=\"cz_grid_details\"><i class=\"fa czico-142-search-6 cz_grid_icon\"><\/i><\/div><\/a><\/div><\/div><\/div><\/div>[\/vc_column][\/vc_row][vc_row el_class=\u00a0\u00bbprod_content\u00a0\u00bb][vc_column width=\u00a0\u00bb2\/3&Prime; el_class=\u00a0\u00bbleft_side\u00a0\u00bb][vc_column_text css=\u00a0\u00bb.vc_custom_1762247597505{margin-bottom: 0px !important;}\u00a0\u00bb]<\/p>\n<h2>Capacit\u00e9, s\u00e9curit\u00e9 et performance<\/h2>\n<p>[\/vc_column_text][vc_column_text]<\/p>\n<div class=\"flex flex-col text-sm\">\n<article class=\"text-token-text-primary w-full focus:outline-none [--shadow-height:45px] has-data-writing-block:pointer-events-none has-data-writing-block:-mt-(--shadow-height) has-data-writing-block:pt-(--shadow-height) [&amp;:has([data-writing-block])&gt;*]:pointer-events-auto scroll-mt-[calc(var(--header-height)+min(200px,max(70px,20svh)))]\" dir=\"auto\" tabindex=\"-1\" data-turn-id=\"request-WEB:41b71574-209d-4190-8a2b-e6d62b3d9f85-4\" data-testid=\"conversation-turn-10\" data-scroll-anchor=\"true\" data-turn=\"assistant\">\n<div class=\"text-base my-auto mx-auto pb-10 [--thread-content-margin:--spacing(4)] @w-sm\/main:[--thread-content-margin:--spacing(6)] @w-lg\/main:[--thread-content-margin:--spacing(16)] px-(--thread-content-margin)\">\n<div class=\"[--thread-content-max-width:40rem] @w-lg\/main:[--thread-content-max-width:48rem] mx-auto max-w-(--thread-content-max-width) flex-1 group\/turn-messages focus-visible:outline-hidden relative flex w-full min-w-0 flex-col agent-turn\" tabindex=\"-1\">\n<div class=\"flex max-w-full flex-col grow\">\n<div class=\"min-h-8 text-message relative flex w-full flex-col items-end gap-2 text-start break-words whitespace-normal [.text-message+&amp;]:mt-1\" dir=\"auto\" data-message-author-role=\"assistant\" data-message-id=\"fed625ad-6739-4048-b377-f4a1326eca33\" data-message-model-slug=\"gpt-5-2\">\n<div class=\"flex w-full flex-col gap-1 empty:hidden first:pt-[1px]\">\n<div class=\"markdown prose dark:prose-invert w-full break-words light markdown-new-styling\">\n<div class=\"flex flex-col text-sm pb-25\">\n<article class=\"text-token-text-primary w-full focus:outline-none [--shadow-height:45px] has-data-writing-block:pointer-events-none has-data-writing-block:-mt-(--shadow-height) has-data-writing-block:pt-(--shadow-height) [&amp;:has([data-writing-block])&gt;*]:pointer-events-auto scroll-mt-[calc(var(--header-height)+min(200px,max(70px,20svh)))]\" dir=\"auto\" tabindex=\"-1\" data-turn-id=\"request-WEB:41b71574-209d-4190-8a2b-e6d62b3d9f85-6\" data-testid=\"conversation-turn-14\" data-scroll-anchor=\"true\" data-turn=\"assistant\">\n<div class=\"text-base my-auto mx-auto pb-10 [--thread-content-margin:--spacing(4)] @w-sm\/main:[--thread-content-margin:--spacing(6)] @w-lg\/main:[--thread-content-margin:--spacing(16)] px-(--thread-content-margin)\">\n<div class=\"[--thread-content-max-width:40rem] @w-lg\/main:[--thread-content-max-width:48rem] mx-auto max-w-(--thread-content-max-width) flex-1 group\/turn-messages focus-visible:outline-hidden relative flex w-full min-w-0 flex-col agent-turn\" tabindex=\"-1\">\n<div class=\"flex max-w-full flex-col grow\">\n<div class=\"min-h-8 text-message relative flex w-full flex-col items-end gap-2 text-start break-words whitespace-normal [.text-message+&amp;]:mt-1\" dir=\"auto\" data-message-author-role=\"assistant\" data-message-id=\"d65b3128-7db4-4db6-8006-231a71544f9b\" data-message-model-slug=\"gpt-5-mini\">\n<div class=\"flex w-full flex-col gap-1 empty:hidden first:pt-[1px]\">\n<div class=\"markdown prose dark:prose-invert w-full break-words light markdown-new-styling\">\n<div class=\"flex flex-col text-sm pb-25\">\n<article class=\"text-token-text-primary w-full focus:outline-none [--shadow-height:45px] has-data-writing-block:pointer-events-none has-data-writing-block:-mt-(--shadow-height) has-data-writing-block:pt-(--shadow-height) [&amp;:has([data-writing-block])&gt;*]:pointer-events-auto scroll-mt-[calc(var(--header-height)+min(200px,max(70px,20svh)))]\" dir=\"auto\" tabindex=\"-1\" data-turn-id=\"request-WEB:41b71574-209d-4190-8a2b-e6d62b3d9f85-7\" data-testid=\"conversation-turn-16\" data-scroll-anchor=\"true\" data-turn=\"assistant\">\n<div class=\"text-base my-auto mx-auto pb-10 [--thread-content-margin:--spacing(4)] @w-sm\/main:[--thread-content-margin:--spacing(6)] @w-lg\/main:[--thread-content-margin:--spacing(16)] px-(--thread-content-margin)\">\n<div class=\"[--thread-content-max-width:40rem] @w-lg\/main:[--thread-content-max-width:48rem] mx-auto max-w-(--thread-content-max-width) flex-1 group\/turn-messages focus-visible:outline-hidden relative flex w-full min-w-0 flex-col agent-turn\" tabindex=\"-1\">\n<div class=\"flex max-w-full flex-col grow\">\n<div class=\"min-h-8 text-message relative flex w-full flex-col items-end gap-2 text-start break-words whitespace-normal [.text-message+&amp;]:mt-1\" dir=\"auto\" data-message-author-role=\"assistant\" data-message-id=\"e8091218-9efe-4726-9321-9ae2ddfb4e07\" data-message-model-slug=\"gpt-5-mini\">\n<div class=\"flex w-full flex-col gap-1 empty:hidden first:pt-[1px]\">\n<div class=\"markdown prose dark:prose-invert w-full break-words light markdown-new-styling\">\n<h1 data-start=\"0\" data-end=\"61\"><strong data-start=\"0\" data-end=\"59\">Camion de lutte contre l\u2019incendie \u00e9quip\u00e9 \u2013 MERCEDES 4\u00d74<\/strong><\/h1>\n<h2 data-start=\"63\" data-end=\"104\"><strong data-start=\"63\" data-end=\"102\">\u2022 Camion de pompiers MERCEDES 4\u00d74 :<\/strong><\/h2>\n<ul data-start=\"105\" data-end=\"348\">\n<li data-start=\"105\" data-end=\"139\">\n<p data-start=\"107\" data-end=\"139\">R\u00e9servoir d\u2019eau : 6 000 litres<\/p>\n<\/li>\n<li data-start=\"140\" data-end=\"178\">\n<p data-start=\"142\" data-end=\"178\">R\u00e9servoir de mousse : 1 000 litres<\/p>\n<\/li>\n<li data-start=\"179\" data-end=\"255\">\n<p data-start=\"181\" data-end=\"255\">Syst\u00e8me d\u2019extinction : pompe \u00e0 eau \u00e0 pression variable et pompe \u00e0 mousse<\/p>\n<\/li>\n<li data-start=\"256\" data-end=\"310\">\n<p data-start=\"258\" data-end=\"310\">2 enrouleurs de tuyaux d\u2019incendie (haute pression)<\/p>\n<\/li>\n<li data-start=\"311\" data-end=\"348\">\n<p data-start=\"313\" data-end=\"348\">Lance \u00e0 eau\/mousse haute pression<\/p>\n<\/li>\n<\/ul>\n<h2 data-start=\"350\" data-end=\"384\"><strong data-start=\"350\" data-end=\"382\">\u2022 Sp\u00e9cifications du camion :<\/strong><\/h2>\n<ul data-start=\"385\" data-end=\"588\">\n<li data-start=\"385\" data-end=\"418\">\n<p data-start=\"387\" data-end=\"418\">Type de camion : Mercedes 4\u00d74<\/p>\n<\/li>\n<li data-start=\"419\" data-end=\"472\">\n<p data-start=\"421\" data-end=\"472\">Poids total autoris\u00e9 en charge (PTAC) : 15 000 kg<\/p>\n<\/li>\n<li data-start=\"473\" data-end=\"504\">\n<p data-start=\"475\" data-end=\"504\">Puissance : 207 ch (278 kW)<\/p>\n<\/li>\n<li data-start=\"505\" data-end=\"537\">\n<p data-start=\"507\" data-end=\"537\">Bo\u00eete de vitesses : manuelle<\/p>\n<\/li>\n<li data-start=\"538\" data-end=\"588\">\n<p data-start=\"540\" data-end=\"588\">Cabine courte (3 personnes, conducteur inclus)<\/p>\n<\/li>\n<\/ul>\n<h2 data-start=\"590\" data-end=\"657\"><strong data-start=\"590\" data-end=\"655\">\u2022 Sp\u00e9cifications de l\u2019\u00e9quipement de lutte contre l\u2019incendie :<\/strong><\/h2>\n<ul data-start=\"658\" data-end=\"1185\">\n<li data-start=\"658\" data-end=\"704\">\n<p data-start=\"660\" data-end=\"704\">Capacit\u00e9 du r\u00e9servoir d\u2019eau : 6 000 litres<\/p>\n<\/li>\n<li data-start=\"705\" data-end=\"755\">\n<p data-start=\"707\" data-end=\"755\">Capacit\u00e9 du r\u00e9servoir de mousse : 1 000 litres<\/p>\n<\/li>\n<li data-start=\"756\" data-end=\"826\">\n<p data-start=\"758\" data-end=\"826\">Pompe \u00e0 eau haute pression : 3 000 litres\/min, \u00e0 pression variable<\/p>\n<\/li>\n<li data-start=\"827\" data-end=\"877\">\n<p data-start=\"829\" data-end=\"877\">4 sorties principales d\u2019eau \u00e0 pression normale<\/p>\n<\/li>\n<li data-start=\"878\" data-end=\"939\">\n<p data-start=\"880\" data-end=\"939\">Syst\u00e8me automatique de m\u00e9lange et de pompage de la mousse<\/p>\n<\/li>\n<li data-start=\"940\" data-end=\"1031\">\n<p data-start=\"942\" data-end=\"1031\">Commande automatique du syst\u00e8me de pompage et de la pression de l\u2019eau pour l\u2019extinction<\/p>\n<\/li>\n<li data-start=\"1032\" data-end=\"1134\">\n<p data-start=\"1034\" data-end=\"1134\">2 enrouleurs de tuyaux d\u2019incendie de 54 m chacun, \u00e9quip\u00e9s de t\u00eates de pulv\u00e9risation haute pression<\/p>\n<\/li>\n<li data-start=\"1135\" data-end=\"1185\">\n<p data-start=\"1137\" data-end=\"1185\">Lance d\u2019extinction manuelle : 2 400 litres\/min<\/p>\n<\/li>\n<\/ul>\n<h2 data-start=\"1187\" data-end=\"1225\"><strong data-start=\"1187\" data-end=\"1223\">\u2022 Carrosserie et compartiments :<\/strong><\/h2>\n<ul data-start=\"1226\" data-end=\"1492\">\n<li data-start=\"1226\" data-end=\"1274\">\n<p data-start=\"1228\" data-end=\"1274\">Portes coulissantes de chaque c\u00f4t\u00e9 du camion<\/p>\n<\/li>\n<li data-start=\"1275\" data-end=\"1403\">\n<p data-start=\"1277\" data-end=\"1403\">4 compartiments en aluminium avec serrures, \u00e9tag\u00e8res et s\u00e9parateurs r\u00e9glables pour ranger tuyaux et \u00e9quipements d\u2019extinction<\/p>\n<\/li>\n<li data-start=\"1404\" data-end=\"1492\">\n<p data-start=\"1406\" data-end=\"1492\">1 compartiment \u00e0 l\u2019arri\u00e8re contenant la pompe d\u2019extinction et le syst\u00e8me de commande<\/p>\n<\/li>\n<\/ul>\n<p data-start=\"1494\" data-end=\"1515\"><strong data-start=\"1494\" data-end=\"1513\">\u2022 Accessoires :<\/strong><\/p>\n<ul data-start=\"1516\" data-end=\"1824\" data-is-last-node=\"\" data-is-only-node=\"\">\n<li data-start=\"1516\" data-end=\"1553\">\n<p data-start=\"1518\" data-end=\"1553\">3 feux de signalisation tournants<\/p>\n<\/li>\n<li data-start=\"1554\" data-end=\"1574\">\n<p data-start=\"1556\" data-end=\"1574\">Sir\u00e8ne d\u2019urgence<\/p>\n<\/li>\n<li data-start=\"1575\" data-end=\"1608\">\n<p data-start=\"1577\" data-end=\"1608\">Feux de signalisation arri\u00e8re<\/p>\n<\/li>\n<li data-start=\"1609\" data-end=\"1631\">\n<p data-start=\"1611\" data-end=\"1631\">\u00c9clairage portatif<\/p>\n<\/li>\n<li data-start=\"1632\" data-end=\"1674\">\n<p data-start=\"1634\" data-end=\"1674\">\u00c9quipements complets pour respirateurs<\/p>\n<\/li>\n<li data-start=\"1675\" data-end=\"1708\">\n<p data-start=\"1677\" data-end=\"1708\">Tuyaux et raccords d\u2019incendie<\/p>\n<\/li>\n<li data-start=\"1709\" data-end=\"1733\">\n<p data-start=\"1711\" data-end=\"1733\">4 tuyaux secondaires<\/p>\n<\/li>\n<li data-start=\"1734\" data-end=\"1770\">\n<p data-start=\"1736\" data-end=\"1770\">4 tuyaux secondaires pour mousse<\/p>\n<\/li>\n<li data-start=\"1771\" data-end=\"1824\" data-is-last-node=\"\">\n<p data-start=\"1773\" data-end=\"1824\" data-is-last-node=\"\">\u00c9chelle extensible pour incendie, longueur : 10,5 m<\/p>\n<\/li>\n<\/ul>\n<\/div>\n<\/div>\n<\/div>\n<\/div>\n<\/div>\n<\/div>\n<\/article>\n<\/div>\n<\/div>\n<\/div>\n<\/div>\n<\/div>\n<\/div>\n<\/div>\n<\/article>\n<\/div>\n<\/div>\n<\/div>\n<\/div>\n<\/div>\n<\/div>\n<\/div>\n<\/article>\n<\/div>\n<p>[\/vc_column_text][\/vc_column][vc_column width=\u00a0\u00bb1\/3&Prime; el_class=\u00a0\u00bbright_side\u00a0\u00bb][vc_column_text]<\/p>\n<h3>Discover more products<\/h3>\n<p>[\/vc_column_text]<div id=\"cz_68496\" class=\"cz_68496\"><div class=\"cz_grid cz_grid_1 clr cz_posts_list_1 cz_grid_1_title_sub_after cz_grid_1_has_excerpt cz_grid_1_bot tal\" data-gap=\"31\" data-atts='{\"action\":\"cz_ajax_posts\",\"post_class\":\"cz_grid_item\",\"post__in\":null,\"author__in\":null,\"nonce\":\"e41cd3cc34\",\"nonce_id\":\"cz_68496\",\"loadmore_end\":\"Not found more posts\",\"layout\":\"cz_posts_list_1\",\"hover\":\"cz_grid_1_title_sub_after cz_grid_1_has_excerpt\",\"image_size\":\"codevz_360_320\",\"subtitles\":\"%5B%7B%22t%22%3A%22date%22%7D%5D\",\"subtitle_pos\":\"\",\"icon\":\"fa czico-142-search-6\",\"el\":\"20\",\"title_lenght\":\"\",\"cat_tax\":\"category\",\"cat\":\"\",\"cat_exclude\":\"\",\"tag_tax\":\"post_tag\",\"tag_id\":\"\",\"tag_exclude\":\"\",\"post_type\":\"portfolio\",\"posts_per_page\":\"5\",\"order\":\"DESC\",\"orderby\":\"date\",\"tilt_data\":null,\"svg_sizes\":[\"360\",\"320\"],\"img_fx\":\"\",\"custom_size\":\"\",\"excerpt_rm\":\"true\",\"title_tag\":\"h4\",\"s\":\"\"}'><div class=\"cz_grid_item cz_grid_first\"><\/div><div data-id=\"2859\" class=\"cz_grid_item  cz_posts_list_even post-2859 portfolio type-portfolio status-publish format-standard has-post-thumbnail hentry portfolio_cat-equipements-specifiques\"><div class=\"clr\"><a class=\"cz_grid_link\" href=\"https:\/\/ntccglobal.com\/fr\/products\/atelier-de-maintenance-mobile-monte-sur-camion\/\" title=\"Atelier de maintenance mobile mont\u00e9 sur camion\"><img decoding=\"async\" width=\"360\" height=\"320\" src=\"https:\/\/ntccglobal.com\/wp-content\/uploads\/2026\/01\/Capture123-360x320.png\" class=\"attachment-codevz_360_320\" alt=\"\" title=\"Capture123\" \/><div class=\"cz_grid_details\"><i class=\"fa czico-142-search-6 cz_grid_icon\"><\/i><\/div><\/a><div class=\"cz_grid_details cz_grid_details_outside\"><a class=\"cz_grid_title\" href=\"https:\/\/ntccglobal.com\/fr\/products\/atelier-de-maintenance-mobile-monte-sur-camion\/\"><h4>Atelier de maintenance mobile mont\u00e9 sur camion<\/h4><\/a><small class=\"clr\"><span class=\"cz_post_data cz_data_date\"><a href=\"https:\/\/ntccglobal.com\/fr\/products\/atelier-de-maintenance-mobile-monte-sur-camion\/\">23 Jan<\/a><\/span><\/small><div class=\"cz_post_excerpt\">Chez National Trailers Export Company, nous concevons et fabriquons des camions-bennes 5 tonnes qui allient robustesse, s\u00e9curit\u00e9<a class=\"cz_readmore\" href=\"https:\/\/ntccglobal.com\/fr\/products\/atelier-de-maintenance-mobile-monte-sur-camion\/\"><i class=\"fa fa-angle-right\" aria-hidden=\"true\"><\/i><span>Read More<\/span><\/a><\/div><\/div><\/div><\/div><div data-id=\"2818\" class=\"cz_grid_item  cz_posts_list_odd post-2818 portfolio type-portfolio status-publish format-standard has-post-thumbnail hentry portfolio_cat-equipements-specifiques\"><div class=\"clr\"><a class=\"cz_grid_link\" href=\"https:\/\/ntccglobal.com\/fr\/products\/camion-de-lutte-contre-lincendie-equipe-mercedes-44\/\" title=\"Camion de lutte contre l\u2019incendie \u00e9quip\u00e9 \u2013 MERCEDES 4\u00d74\"><img decoding=\"async\" width=\"360\" height=\"320\" src=\"https:\/\/ntccglobal.com\/wp-content\/uploads\/2026\/01\/ein-mercedes-benz-actros-2031-aufgebaut-9525-360x320.jpg\" class=\"attachment-codevz_360_320\" alt=\"\" title=\"ein-mercedes-benz-actros-2031-aufgebaut-9525\" \/><div class=\"cz_grid_details\"><i class=\"fa czico-142-search-6 cz_grid_icon\"><\/i><\/div><\/a><div class=\"cz_grid_details cz_grid_details_outside\"><a class=\"cz_grid_title\" href=\"https:\/\/ntccglobal.com\/fr\/products\/camion-de-lutte-contre-lincendie-equipe-mercedes-44\/\"><h4>Camion de lutte contre l\u2019incendie \u00e9quip\u00e9 \u2013 MERCEDES 4\u00d74<\/h4><\/a><small class=\"clr\"><span class=\"cz_post_data cz_data_date\"><a href=\"https:\/\/ntccglobal.com\/fr\/products\/camion-de-lutte-contre-lincendie-equipe-mercedes-44\/\">12 Jan<\/a><\/span><\/small><div class=\"cz_post_excerpt\">Chez National Trailers Export Company, nous concevons et fabriquons des r\u00e9servoirs de carburant pour semi-remorques alliant <a class=\"cz_readmore\" href=\"https:\/\/ntccglobal.com\/fr\/products\/camion-de-lutte-contre-lincendie-equipe-mercedes-44\/\"><i class=\"fa fa-angle-right\" aria-hidden=\"true\"><\/i><span>Read More<\/span><\/a><\/div><\/div><\/div><\/div><div data-id=\"2794\" class=\"cz_grid_item  cz_posts_list_even post-2794 portfolio type-portfolio status-publish format-standard has-post-thumbnail hentry portfolio_cat-equipements-specifiques\"><div class=\"clr\"><a class=\"cz_grid_link\" href=\"https:\/\/ntccglobal.com\/fr\/products\/camion-de-lutte-contre-lincendie-equipe-380-24\/\" title=\"Camion de lutte contre l\u2019incendie \u00e9quip\u00e9 \u2013 380 2\u00d74\"><img decoding=\"async\" width=\"360\" height=\"195\" src=\"https:\/\/ntccglobal.com\/wp-content\/uploads\/2026\/01\/181203-11764323-1-360x195.jpg\" class=\"attachment-codevz_360_320\" alt=\"\" title=\"181203-11764323\" \/><div class=\"cz_grid_details\"><i class=\"fa czico-142-search-6 cz_grid_icon\"><\/i><\/div><\/a><div class=\"cz_grid_details cz_grid_details_outside\"><a class=\"cz_grid_title\" href=\"https:\/\/ntccglobal.com\/fr\/products\/camion-de-lutte-contre-lincendie-equipe-380-24\/\"><h4>Camion de lutte contre l\u2019incendie \u00e9quip\u00e9 \u2013 380 2\u00d74<\/h4><\/a><small class=\"clr\"><span class=\"cz_post_data cz_data_date\"><a href=\"https:\/\/ntccglobal.com\/fr\/products\/camion-de-lutte-contre-lincendie-equipe-380-24\/\">12 Jan<\/a><\/span><\/small><div class=\"cz_post_excerpt\">Chez National Trailers Export Company, nous concevons et fabriquons des r\u00e9servoirs de carburant pour semi-remorques alliant <a class=\"cz_readmore\" href=\"https:\/\/ntccglobal.com\/fr\/products\/camion-de-lutte-contre-lincendie-equipe-380-24\/\"><i class=\"fa fa-angle-right\" aria-hidden=\"true\"><\/i><span>Read More<\/span><\/a><\/div><\/div><\/div><\/div><div data-id=\"2787\" class=\"cz_grid_item  cz_posts_list_odd post-2787 portfolio type-portfolio status-publish format-standard has-post-thumbnail hentry portfolio_cat-camions\"><div class=\"clr\"><a class=\"cz_grid_link\" href=\"https:\/\/ntccglobal.com\/fr\/products\/bulldozer-3-m-956f-sdlg-fr\/\" title=\"Bulldozer 3 m &#8211; 956F SDLG\"><img decoding=\"async\" width=\"360\" height=\"290\" src=\"https:\/\/ntccglobal.com\/wp-content\/uploads\/2026\/01\/1405059133638-360x290.jpg\" class=\"attachment-codevz_360_320\" alt=\"\" title=\"1405059133638\" \/><div class=\"cz_grid_details\"><i class=\"fa czico-142-search-6 cz_grid_icon\"><\/i><\/div><\/a><div class=\"cz_grid_details cz_grid_details_outside\"><a class=\"cz_grid_title\" href=\"https:\/\/ntccglobal.com\/fr\/products\/bulldozer-3-m-956f-sdlg-fr\/\"><h4>Bulldozer 3 m &#8211; 956F SDLG<\/h4><\/a><small class=\"clr\"><span class=\"cz_post_data cz_data_date\"><a href=\"https:\/\/ntccglobal.com\/fr\/products\/bulldozer-3-m-956f-sdlg-fr\/\">12 Jan<\/a><\/span><\/small><div class=\"cz_post_excerpt\">Chez National Trailers Export Company, nous concevons et fabriquons des r\u00e9servoirs de carburant pour semi-remorques alliant <a class=\"cz_readmore\" href=\"https:\/\/ntccglobal.com\/fr\/products\/bulldozer-3-m-956f-sdlg-fr\/\"><i class=\"fa fa-angle-right\" aria-hidden=\"true\"><\/i><span>Read More<\/span><\/a><\/div><\/div><\/div><\/div><div data-id=\"2781\" class=\"cz_grid_item  cz_posts_list_even post-2781 portfolio type-portfolio status-publish format-standard has-post-thumbnail hentry portfolio_cat-camions\"><div class=\"clr\"><a class=\"cz_grid_link\" href=\"https:\/\/ntccglobal.com\/fr\/products\/camion-iveco-2x4-190\/\" title=\"Camion Iveco 2\u00d74 \u2013 190\"><img decoding=\"async\" width=\"360\" height=\"320\" src=\"https:\/\/ntccglobal.com\/wp-content\/uploads\/2026\/01\/ivec-360x320.jpg\" class=\"attachment-codevz_360_320\" alt=\"\" title=\"ivec\" \/><div class=\"cz_grid_details\"><i class=\"fa czico-142-search-6 cz_grid_icon\"><\/i><\/div><\/a><div class=\"cz_grid_details cz_grid_details_outside\"><a class=\"cz_grid_title\" href=\"https:\/\/ntccglobal.com\/fr\/products\/camion-iveco-2x4-190\/\"><h4>Camion Iveco 2\u00d74 \u2013 190<\/h4><\/a><small class=\"clr\"><span class=\"cz_post_data cz_data_date\"><a href=\"https:\/\/ntccglobal.com\/fr\/products\/camion-iveco-2x4-190\/\">12 Jan<\/a><\/span><\/small><div class=\"cz_post_excerpt\">Chez National Trailers Export Company, nous concevons et fabriquons des r\u00e9servoirs de carburant pour semi-remorques alliant <a class=\"cz_readmore\" href=\"https:\/\/ntccglobal.com\/fr\/products\/camion-iveco-2x4-190\/\"><i class=\"fa fa-angle-right\" aria-hidden=\"true\"><\/i><span>Read More<\/span><\/a><\/div><\/div><\/div><\/div><\/div><\/div>[\/vc_column][\/vc_row]<\/p>\n<\/section>","protected":false},"excerpt":{"rendered":"<p>Chez National Trailers Export Company, nous concevons et fabriquons des r\u00e9servoirs de carburant pour semi-remorques alliant &#8230; &#8230; <a class=\"cz_readmore\" href=\"https:\/\/ntccglobal.com\/fr\/products\/camion-iveco-2x4-190\/\"><i class=\"fa fa-angle-right\" aria-hidden=\"true\"><\/i><span>Read More<\/span><\/a><\/p>\n","protected":false},"author":1,"featured_media":2819,"comment_status":"closed","ping_status":"closed","template":"","format":"standard","meta":{"inline_featured_image":false},"portfolio_cat":[148],"portfolio_tags":[],"class_list":["post-2818","portfolio","type-portfolio","status-publish","format-standard","has-post-thumbnail","hentry","portfolio_cat-equipements-specifiques"],"_links":{"self":[{"href":"https:\/\/ntccglobal.com\/fr\/wp-json\/wp\/v2\/portfolio\/2818","targetHints":{"allow":["GET"]}}],"collection":[{"href":"https:\/\/ntccglobal.com\/fr\/wp-json\/wp\/v2\/portfolio"}],"about":[{"href":"https:\/\/ntccglobal.com\/fr\/wp-json\/wp\/v2\/types\/portfolio"}],"author":[{"embeddable":true,"href":"https:\/\/ntccglobal.com\/fr\/wp-json\/wp\/v2\/users\/1"}],"replies":[{"embeddable":true,"href":"https:\/\/ntccglobal.com\/fr\/wp-json\/wp\/v2\/comments?post=2818"}],"wp:featuredmedia":[{"embeddable":true,"href":"https:\/\/ntccglobal.com\/fr\/wp-json\/wp\/v2\/media\/2819"}],"wp:attachment":[{"href":"https:\/\/ntccglobal.com\/fr\/wp-json\/wp\/v2\/media?parent=2818"}],"wp:term":[{"taxonomy":"portfolio_cat","embeddable":true,"href":"https:\/\/ntccglobal.com\/fr\/wp-json\/wp\/v2\/portfolio_cat?post=2818"},{"taxonomy":"portfolio_tags","embeddable":true,"href":"https:\/\/ntccglobal.com\/fr\/wp-json\/wp\/v2\/portfolio_tags?post=2818"}],"curies":[{"name":"wp","href":"https:\/\/api.w.org\/{rel}","templated":true}]}}