{"id":2689,"date":"2026-01-09T14:34:52","date_gmt":"2026-01-09T14:34:52","guid":{"rendered":"https:\/\/ntccglobal.com\/?post_type=portfolio&#038;p=2689"},"modified":"2026-03-02T09:24:18","modified_gmt":"2026-03-02T09:24:18","slug":"benne-basculante-a-trois-directions-pour-camion-iveco-fr","status":"publish","type":"portfolio","link":"https:\/\/ntccglobal.com\/fr\/products\/benne-basculante-a-trois-directions-pour-camion-iveco-fr\/","title":{"rendered":"Semi-remorque benne basculante \u00e0 trois directions pour camion IVECO"},"content":{"rendered":"<section class=\"wpb-content-wrapper\"><p>[vc_row el_class=\u00a0\u00bbcust_gal\u00a0\u00bb][vc_column]<div id=\"cz_69999\" class=\"cz_69999 cz_title clr cz_mobile_text_center cz_title_pos_inline center_title\"><div class=\"cz_title_content\"><div class=\"cz_wpe_content\"><p><span class=\"sub_title\">Produits &amp; Fabrication<\/span><\/p>\n<h1 data-start=\"86\" data-end=\"149\"><strong data-start=\"90\" data-end=\"147\">Semi-remorque benne basculante \u00e0 trois directions pour camion IVECO<\/strong><\/h1>\n<\/div><\/div><\/div><div class=\"cz_gap clr \" style=\"height: 14px\"><\/div><div id=\"cz_38525\" class=\"cz_grid_p cz_38525\"><div class=\"cz_grid cz_grid_1 clr cz_metro_5 cz_grid_c3 cz_grid_1_no_title cz_grid_1_mid tac cust_gal\"><div class=\"cz_grid_item cz_grid_first\"><\/div><div class=\"cz_grid_item \"><div><a class=\"cz_grid_link \" href=\"https:\/\/ntccglobal.com\/wp-content\/uploads\/2026\/01\/iveco2.jpg\" data-xtra-lightbox><img decoding=\"async\" width=\"600\" height=\"474\" src=\"https:\/\/ntccglobal.com\/wp-content\/uploads\/2026\/01\/iveco2-600x474.jpg\" class=\"attachment-codevz_600_600\" alt=\"\" title=\"iveco2\" \/><div class=\"cz_grid_details\"><i class=\"fa czico-142-search-6 cz_grid_icon\"><\/i><\/div><\/a><\/div><\/div><div class=\"cz_grid_item \"><div><a class=\"cz_grid_link \" href=\"https:\/\/ntccglobal.com\/wp-content\/uploads\/2026\/01\/iveco3.jpg\" data-xtra-lightbox><img decoding=\"async\" width=\"600\" height=\"464\" src=\"https:\/\/ntccglobal.com\/wp-content\/uploads\/2026\/01\/iveco3-600x464.jpg\" class=\"attachment-codevz_600_600\" alt=\"\" title=\"iveco3\" \/><div class=\"cz_grid_details\"><i class=\"fa czico-142-search-6 cz_grid_icon\"><\/i><\/div><\/a><\/div><\/div><div class=\"cz_grid_item \"><div><a class=\"cz_grid_link \" href=\"https:\/\/ntccglobal.com\/wp-content\/uploads\/2026\/01\/iveco.jpg\" data-xtra-lightbox><img decoding=\"async\" width=\"600\" height=\"600\" src=\"https:\/\/ntccglobal.com\/wp-content\/uploads\/2026\/01\/iveco-600x600.jpg\" class=\"attachment-codevz_600_600\" alt=\"\" title=\"iveco\" srcset=\"https:\/\/ntccglobal.com\/wp-content\/uploads\/2026\/01\/iveco-600x600.jpg 600w, https:\/\/ntccglobal.com\/wp-content\/uploads\/2026\/01\/iveco-150x150.jpg 150w\" sizes=\"(max-width: 600px) 100vw, 600px\" \/><div class=\"cz_grid_details\"><i class=\"fa czico-142-search-6 cz_grid_icon\"><\/i><\/div><\/a><\/div><\/div><\/div><\/div>[\/vc_column][\/vc_row][vc_row el_class=\u00a0\u00bbprod_content\u00a0\u00bb][vc_column width=\u00a0\u00bb2\/3&Prime; el_class=\u00a0\u00bbleft_side\u00a0\u00bb][vc_column_text css=\u00a0\u00bb.vc_custom_1762245329927{margin-bottom: 0px !important;}\u00a0\u00bb]<\/p>\n<h2>Robustesse et performance pour vos chantiers<\/h2>\n<p>[\/vc_column_text][vc_column_text]<\/p>\n<h1 data-start=\"86\" data-end=\"149\"><strong data-start=\"90\" data-end=\"147\">Semi-remorque benne basculante \u00e0 trois directions pour camion IVECO<\/strong><\/h1>\n<h4 data-start=\"150\" data-end=\"178\"><strong data-start=\"150\" data-end=\"178\">IVECO AT 420 T42 H \u2013 6\u00d74<\/strong><\/h4>\n<p data-start=\"180\" data-end=\"560\">La benne est con\u00e7ue conform\u00e9ment aux <strong data-start=\"217\" data-end=\"256\">sp\u00e9cifications techniques du camion<\/strong>, en tenant compte du <strong data-start=\"278\" data-end=\"304\">poids maximal autoris\u00e9<\/strong>, ainsi que de la <strong data-start=\"322\" data-end=\"349\">r\u00e9partition des charges<\/strong> en fonction des dimensions du v\u00e9hicule.<br data-start=\"389\" data-end=\"392\" \/>Cela garantit la <strong data-start=\"409\" data-end=\"434\">s\u00e9curit\u00e9 et la s\u00fbret\u00e9<\/strong> lors du transport de la charge pr\u00e9vue et pendant les op\u00e9rations de <strong data-start=\"502\" data-end=\"518\">d\u00e9chargement<\/strong>, tout en respectant les normes du camion.<\/p>\n<h3 data-start=\"567\" data-end=\"601\"><strong data-start=\"571\" data-end=\"601\">Sp\u00e9cifications g\u00e9n\u00e9rales :<\/strong><\/h3>\n<ul data-start=\"602\" data-end=\"865\">\n<li data-start=\"602\" data-end=\"639\">\n<p data-start=\"604\" data-end=\"639\">Longueur de la benne : <strong data-start=\"627\" data-end=\"639\">5 500 mm<\/strong><\/p>\n<\/li>\n<li data-start=\"640\" data-end=\"676\">\n<p data-start=\"642\" data-end=\"676\">Largeur de la benne : <strong data-start=\"664\" data-end=\"676\">2 400 mm<\/strong><\/p>\n<\/li>\n<li data-start=\"677\" data-end=\"713\">\n<p data-start=\"679\" data-end=\"713\">Hauteur de la benne : <strong data-start=\"701\" data-end=\"713\">1 000 mm<\/strong><\/p>\n<\/li>\n<li data-start=\"714\" data-end=\"789\">\n<p data-start=\"716\" data-end=\"789\">Plancher de la benne fabriqu\u00e9 en t\u00f4le d\u2019acier d\u2019une \u00e9paisseur de <strong data-start=\"781\" data-end=\"789\">5 mm<\/strong><\/p>\n<\/li>\n<li data-start=\"790\" data-end=\"865\">\n<p data-start=\"792\" data-end=\"865\">Portes de la benne fabriqu\u00e9es en t\u00f4le d\u2019acier d\u2019une \u00e9paisseur de <strong data-start=\"857\" data-end=\"865\">3 mm<\/strong><\/p>\n<\/li>\n<\/ul>\n<h3 data-start=\"872\" data-end=\"887\"><strong data-start=\"876\" data-end=\"887\">Poids :<\/strong><\/h3>\n<ul data-start=\"888\" data-end=\"985\">\n<li data-start=\"888\" data-end=\"934\">\n<p data-start=\"890\" data-end=\"934\">Poids de l\u2019\u00e9quipement : environ <strong data-start=\"922\" data-end=\"934\">3 275 kg<\/strong><\/p>\n<\/li>\n<li data-start=\"935\" data-end=\"985\">\n<p data-start=\"937\" data-end=\"985\">Charge utile de la benne : de <strong data-start=\"967\" data-end=\"985\">18 \u00e0 20 tonnes<\/strong><\/p>\n<\/li>\n<\/ul>\n<h3 data-start=\"992\" data-end=\"1037\"><strong data-start=\"996\" data-end=\"1037\">Syst\u00e8me hydraulique de d\u00e9chargement :<\/strong><\/h3>\n<ul data-start=\"1038\" data-end=\"1440\">\n<li data-start=\"1038\" data-end=\"1162\">\n<p data-start=\"1040\" data-end=\"1162\">La benne fonctionne avec un <strong data-start=\"1068\" data-end=\"1091\">syst\u00e8me hydraulique<\/strong> permettant le d\u00e9chargement dans <strong data-start=\"1124\" data-end=\"1144\">trois directions<\/strong> (arri\u00e8re + c\u00f4t\u00e9s)<\/p>\n<\/li>\n<li data-start=\"1163\" data-end=\"1264\">\n<p data-start=\"1165\" data-end=\"1182\">Angle de levage :<\/p>\n<ul data-start=\"1185\" data-end=\"1264\">\n<li data-start=\"1185\" data-end=\"1223\">\n<p data-start=\"1187\" data-end=\"1223\"><strong data-start=\"1187\" data-end=\"1194\">52\u00b0<\/strong> pour le d\u00e9chargement arri\u00e8re<\/p>\n<\/li>\n<li data-start=\"1226\" data-end=\"1264\">\n<p data-start=\"1228\" data-end=\"1264\"><strong data-start=\"1228\" data-end=\"1235\">45\u00b0<\/strong> pour le d\u00e9chargement lat\u00e9ral<\/p>\n<\/li>\n<\/ul>\n<\/li>\n<li data-start=\"1265\" data-end=\"1357\">\n<p data-start=\"1267\" data-end=\"1357\">Le syst\u00e8me hydraulique permet \u00e9galement le fonctionnement avec une <strong data-start=\"1334\" data-end=\"1357\">remorque basculante<\/strong><\/p>\n<\/li>\n<li data-start=\"1358\" data-end=\"1440\">\n<p data-start=\"1360\" data-end=\"1440\">Le contr\u00f4le du syst\u00e8me hydraulique s\u2019effectue depuis la <strong data-start=\"1416\" data-end=\"1440\">cabine du conducteur<\/strong><\/p>\n<\/li>\n<\/ul>\n<h3 data-start=\"1447\" data-end=\"1478\"><strong data-start=\"1451\" data-end=\"1478\">Type de m\u00e9tal utilis\u00e9 :<\/strong><\/h3>\n<ul data-start=\"1479\" data-end=\"1875\">\n<li data-start=\"1479\" data-end=\"1540\">\n<p data-start=\"1481\" data-end=\"1540\">Acier \u00e0 haute r\u00e9sistance adapt\u00e9 \u00e0 l\u2019utilisation de la benne<\/p>\n<\/li>\n<li data-start=\"1541\" data-end=\"1643\">\n<p data-start=\"1543\" data-end=\"1643\">L\u2019\u00e9quipement est fabriqu\u00e9 \u00e0 partir de <strong data-start=\"1581\" data-end=\"1643\">t\u00f4les d\u2019acier \u00e0 faible teneur en carbone, lamin\u00e9es \u00e0 chaud<\/strong><\/p>\n<\/li>\n<li data-start=\"1644\" data-end=\"1735\">\n<p data-start=\"1646\" data-end=\"1735\">Type d\u2019acier <strong data-start=\"1659\" data-end=\"1668\">ST-37<\/strong>, fourni par la <strong data-start=\"1684\" data-end=\"1735\">Soci\u00e9t\u00e9 Libyenne du Fer et de l\u2019Acier \u2013 Misrata<\/strong><\/p>\n<\/li>\n<\/ul>\n<p>[\/vc_column_text][\/vc_column][vc_column width=\u00a0\u00bb1\/3&Prime; el_class=\u00a0\u00bbright_side\u00a0\u00bb][vc_column_text]<\/p>\n<h3>Discover more products<\/h3>\n<p>[\/vc_column_text]<div id=\"cz_68496\" class=\"cz_68496\"><div class=\"cz_grid cz_grid_1 clr cz_posts_list_1 cz_grid_1_title_sub_after cz_grid_1_has_excerpt cz_grid_1_bot tal\" data-gap=\"31\" data-atts='{\"action\":\"cz_ajax_posts\",\"post_class\":\"cz_grid_item\",\"post__in\":null,\"author__in\":null,\"nonce\":\"e41cd3cc34\",\"nonce_id\":\"cz_68496\",\"loadmore_end\":\"Not found more posts\",\"layout\":\"cz_posts_list_1\",\"hover\":\"cz_grid_1_title_sub_after cz_grid_1_has_excerpt\",\"image_size\":\"codevz_360_320\",\"subtitles\":\"%5B%7B%22t%22%3A%22date%22%7D%5D\",\"subtitle_pos\":\"\",\"icon\":\"fa czico-142-search-6\",\"el\":\"20\",\"title_lenght\":\"\",\"cat_tax\":\"category\",\"cat\":\"\",\"cat_exclude\":\"\",\"tag_tax\":\"post_tag\",\"tag_id\":\"\",\"tag_exclude\":\"\",\"post_type\":\"portfolio\",\"posts_per_page\":\"5\",\"order\":\"DESC\",\"orderby\":\"date\",\"tilt_data\":null,\"svg_sizes\":[\"360\",\"320\"],\"img_fx\":\"\",\"custom_size\":\"\",\"excerpt_rm\":\"true\",\"title_tag\":\"h4\",\"s\":\"\"}'><div class=\"cz_grid_item cz_grid_first\"><\/div><div data-id=\"2859\" class=\"cz_grid_item  cz_posts_list_even post-2859 portfolio type-portfolio status-publish format-standard has-post-thumbnail hentry portfolio_cat-equipements-specifiques\"><div class=\"clr\"><a class=\"cz_grid_link\" href=\"https:\/\/ntccglobal.com\/fr\/products\/atelier-de-maintenance-mobile-monte-sur-camion\/\" title=\"Atelier de maintenance mobile mont\u00e9 sur camion\"><img decoding=\"async\" width=\"360\" height=\"320\" src=\"https:\/\/ntccglobal.com\/wp-content\/uploads\/2026\/01\/Capture123-360x320.png\" class=\"attachment-codevz_360_320\" alt=\"\" title=\"Capture123\" \/><div class=\"cz_grid_details\"><i class=\"fa czico-142-search-6 cz_grid_icon\"><\/i><\/div><\/a><div class=\"cz_grid_details cz_grid_details_outside\"><a class=\"cz_grid_title\" href=\"https:\/\/ntccglobal.com\/fr\/products\/atelier-de-maintenance-mobile-monte-sur-camion\/\"><h4>Atelier de maintenance mobile mont\u00e9 sur camion<\/h4><\/a><small class=\"clr\"><span class=\"cz_post_data cz_data_date\"><a href=\"https:\/\/ntccglobal.com\/fr\/products\/atelier-de-maintenance-mobile-monte-sur-camion\/\">23 Jan<\/a><\/span><\/small><div class=\"cz_post_excerpt\">Chez National Trailers Export Company, nous concevons et fabriquons des camions-bennes 5 tonnes qui allient robustesse, s\u00e9curit\u00e9<a class=\"cz_readmore\" href=\"https:\/\/ntccglobal.com\/fr\/products\/atelier-de-maintenance-mobile-monte-sur-camion\/\"><i class=\"fa fa-angle-right\" aria-hidden=\"true\"><\/i><span>Read More<\/span><\/a><\/div><\/div><\/div><\/div><div data-id=\"2818\" class=\"cz_grid_item  cz_posts_list_odd post-2818 portfolio type-portfolio status-publish format-standard has-post-thumbnail hentry portfolio_cat-equipements-specifiques\"><div class=\"clr\"><a class=\"cz_grid_link\" href=\"https:\/\/ntccglobal.com\/fr\/products\/camion-de-lutte-contre-lincendie-equipe-mercedes-44\/\" title=\"Camion de lutte contre l\u2019incendie \u00e9quip\u00e9 \u2013 MERCEDES 4\u00d74\"><img decoding=\"async\" width=\"360\" height=\"320\" src=\"https:\/\/ntccglobal.com\/wp-content\/uploads\/2026\/01\/ein-mercedes-benz-actros-2031-aufgebaut-9525-360x320.jpg\" class=\"attachment-codevz_360_320\" alt=\"\" title=\"ein-mercedes-benz-actros-2031-aufgebaut-9525\" \/><div class=\"cz_grid_details\"><i class=\"fa czico-142-search-6 cz_grid_icon\"><\/i><\/div><\/a><div class=\"cz_grid_details cz_grid_details_outside\"><a class=\"cz_grid_title\" href=\"https:\/\/ntccglobal.com\/fr\/products\/camion-de-lutte-contre-lincendie-equipe-mercedes-44\/\"><h4>Camion de lutte contre l\u2019incendie \u00e9quip\u00e9 \u2013 MERCEDES 4\u00d74<\/h4><\/a><small class=\"clr\"><span class=\"cz_post_data cz_data_date\"><a href=\"https:\/\/ntccglobal.com\/fr\/products\/camion-de-lutte-contre-lincendie-equipe-mercedes-44\/\">12 Jan<\/a><\/span><\/small><div class=\"cz_post_excerpt\">Chez National Trailers Export Company, nous concevons et fabriquons des r\u00e9servoirs de carburant pour semi-remorques alliant <a class=\"cz_readmore\" href=\"https:\/\/ntccglobal.com\/fr\/products\/camion-de-lutte-contre-lincendie-equipe-mercedes-44\/\"><i class=\"fa fa-angle-right\" aria-hidden=\"true\"><\/i><span>Read More<\/span><\/a><\/div><\/div><\/div><\/div><div data-id=\"2794\" class=\"cz_grid_item  cz_posts_list_even post-2794 portfolio type-portfolio status-publish format-standard has-post-thumbnail hentry portfolio_cat-equipements-specifiques\"><div class=\"clr\"><a class=\"cz_grid_link\" href=\"https:\/\/ntccglobal.com\/fr\/products\/camion-de-lutte-contre-lincendie-equipe-380-24\/\" title=\"Camion de lutte contre l\u2019incendie \u00e9quip\u00e9 \u2013 380 2\u00d74\"><img decoding=\"async\" width=\"360\" height=\"195\" src=\"https:\/\/ntccglobal.com\/wp-content\/uploads\/2026\/01\/181203-11764323-1-360x195.jpg\" class=\"attachment-codevz_360_320\" alt=\"\" title=\"181203-11764323\" \/><div class=\"cz_grid_details\"><i class=\"fa czico-142-search-6 cz_grid_icon\"><\/i><\/div><\/a><div class=\"cz_grid_details cz_grid_details_outside\"><a class=\"cz_grid_title\" href=\"https:\/\/ntccglobal.com\/fr\/products\/camion-de-lutte-contre-lincendie-equipe-380-24\/\"><h4>Camion de lutte contre l\u2019incendie \u00e9quip\u00e9 \u2013 380 2\u00d74<\/h4><\/a><small class=\"clr\"><span class=\"cz_post_data cz_data_date\"><a href=\"https:\/\/ntccglobal.com\/fr\/products\/camion-de-lutte-contre-lincendie-equipe-380-24\/\">12 Jan<\/a><\/span><\/small><div class=\"cz_post_excerpt\">Chez National Trailers Export Company, nous concevons et fabriquons des r\u00e9servoirs de carburant pour semi-remorques alliant <a class=\"cz_readmore\" href=\"https:\/\/ntccglobal.com\/fr\/products\/camion-de-lutte-contre-lincendie-equipe-380-24\/\"><i class=\"fa fa-angle-right\" aria-hidden=\"true\"><\/i><span>Read More<\/span><\/a><\/div><\/div><\/div><\/div><div data-id=\"2787\" class=\"cz_grid_item  cz_posts_list_odd post-2787 portfolio type-portfolio status-publish format-standard has-post-thumbnail hentry portfolio_cat-camions\"><div class=\"clr\"><a class=\"cz_grid_link\" href=\"https:\/\/ntccglobal.com\/fr\/products\/bulldozer-3-m-956f-sdlg-fr\/\" title=\"Bulldozer 3 m &#8211; 956F SDLG\"><img decoding=\"async\" width=\"360\" height=\"290\" src=\"https:\/\/ntccglobal.com\/wp-content\/uploads\/2026\/01\/1405059133638-360x290.jpg\" class=\"attachment-codevz_360_320\" alt=\"\" title=\"1405059133638\" \/><div class=\"cz_grid_details\"><i class=\"fa czico-142-search-6 cz_grid_icon\"><\/i><\/div><\/a><div class=\"cz_grid_details cz_grid_details_outside\"><a class=\"cz_grid_title\" href=\"https:\/\/ntccglobal.com\/fr\/products\/bulldozer-3-m-956f-sdlg-fr\/\"><h4>Bulldozer 3 m &#8211; 956F SDLG<\/h4><\/a><small class=\"clr\"><span class=\"cz_post_data cz_data_date\"><a href=\"https:\/\/ntccglobal.com\/fr\/products\/bulldozer-3-m-956f-sdlg-fr\/\">12 Jan<\/a><\/span><\/small><div class=\"cz_post_excerpt\">Chez National Trailers Export Company, nous concevons et fabriquons des r\u00e9servoirs de carburant pour semi-remorques alliant <a class=\"cz_readmore\" href=\"https:\/\/ntccglobal.com\/fr\/products\/bulldozer-3-m-956f-sdlg-fr\/\"><i class=\"fa fa-angle-right\" aria-hidden=\"true\"><\/i><span>Read More<\/span><\/a><\/div><\/div><\/div><\/div><div data-id=\"2781\" class=\"cz_grid_item  cz_posts_list_even post-2781 portfolio type-portfolio status-publish format-standard has-post-thumbnail hentry portfolio_cat-camions\"><div class=\"clr\"><a class=\"cz_grid_link\" href=\"https:\/\/ntccglobal.com\/fr\/products\/camion-iveco-2x4-190\/\" title=\"Camion Iveco 2\u00d74 \u2013 190\"><img decoding=\"async\" width=\"360\" height=\"320\" src=\"https:\/\/ntccglobal.com\/wp-content\/uploads\/2026\/01\/ivec-360x320.jpg\" class=\"attachment-codevz_360_320\" alt=\"\" title=\"ivec\" \/><div class=\"cz_grid_details\"><i class=\"fa czico-142-search-6 cz_grid_icon\"><\/i><\/div><\/a><div class=\"cz_grid_details cz_grid_details_outside\"><a class=\"cz_grid_title\" href=\"https:\/\/ntccglobal.com\/fr\/products\/camion-iveco-2x4-190\/\"><h4>Camion Iveco 2\u00d74 \u2013 190<\/h4><\/a><small class=\"clr\"><span class=\"cz_post_data cz_data_date\"><a href=\"https:\/\/ntccglobal.com\/fr\/products\/camion-iveco-2x4-190\/\">12 Jan<\/a><\/span><\/small><div class=\"cz_post_excerpt\">Chez National Trailers Export Company, nous concevons et fabriquons des r\u00e9servoirs de carburant pour semi-remorques alliant <a class=\"cz_readmore\" href=\"https:\/\/ntccglobal.com\/fr\/products\/camion-iveco-2x4-190\/\"><i class=\"fa fa-angle-right\" aria-hidden=\"true\"><\/i><span>Read More<\/span><\/a><\/div><\/div><\/div><\/div><\/div><\/div>[\/vc_column][\/vc_row]<\/p>\n<\/section>","protected":false},"excerpt":{"rendered":"<p>Chez National Trailers Export Company, nous concevons et fabriquons des camions-bennes 5 tonnes qui allient robustesse, s\u00e9curit\u00e9&#8230; &#8230; <a class=\"cz_readmore\" href=\"https:\/\/ntccglobal.com\/fr\/products\/camion-iveco-2x4-190\/\"><i class=\"fa fa-angle-right\" aria-hidden=\"true\"><\/i><span>Read More<\/span><\/a><\/p>\n","protected":false},"author":1,"featured_media":2696,"comment_status":"closed","ping_status":"closed","template":"","format":"standard","meta":{"inline_featured_image":false},"portfolio_cat":[140],"portfolio_tags":[],"class_list":["post-2689","portfolio","type-portfolio","status-publish","format-standard","has-post-thumbnail","hentry","portfolio_cat-bennes"],"_links":{"self":[{"href":"https:\/\/ntccglobal.com\/fr\/wp-json\/wp\/v2\/portfolio\/2689","targetHints":{"allow":["GET"]}}],"collection":[{"href":"https:\/\/ntccglobal.com\/fr\/wp-json\/wp\/v2\/portfolio"}],"about":[{"href":"https:\/\/ntccglobal.com\/fr\/wp-json\/wp\/v2\/types\/portfolio"}],"author":[{"embeddable":true,"href":"https:\/\/ntccglobal.com\/fr\/wp-json\/wp\/v2\/users\/1"}],"replies":[{"embeddable":true,"href":"https:\/\/ntccglobal.com\/fr\/wp-json\/wp\/v2\/comments?post=2689"}],"wp:featuredmedia":[{"embeddable":true,"href":"https:\/\/ntccglobal.com\/fr\/wp-json\/wp\/v2\/media\/2696"}],"wp:attachment":[{"href":"https:\/\/ntccglobal.com\/fr\/wp-json\/wp\/v2\/media?parent=2689"}],"wp:term":[{"taxonomy":"portfolio_cat","embeddable":true,"href":"https:\/\/ntccglobal.com\/fr\/wp-json\/wp\/v2\/portfolio_cat?post=2689"},{"taxonomy":"portfolio_tags","embeddable":true,"href":"https:\/\/ntccglobal.com\/fr\/wp-json\/wp\/v2\/portfolio_tags?post=2689"}],"curies":[{"name":"wp","href":"https:\/\/api.w.org\/{rel}","templated":true}]}}