{"id":2391,"date":"2025-11-04T09:15:07","date_gmt":"2025-11-04T09:15:07","guid":{"rendered":"https:\/\/ntcc.trustdev.info\/?post_type=portfolio&#038;p=2391"},"modified":"2026-01-12T08:42:40","modified_gmt":"2026-01-12T08:42:40","slug":"tracteur-routier-fr","status":"publish","type":"portfolio","link":"https:\/\/ntccglobal.com\/fr\/products\/tracteur-routier-fr\/","title":{"rendered":"Tracteur routier"},"content":{"rendered":"<section class=\"wpb-content-wrapper\"><p>[vc_row el_class=\u00a0\u00bbcust_gal\u00a0\u00bb][vc_column]<div id=\"cz_71202\" class=\"cz_71202 cz_title clr cz_mobile_text_center cz_title_pos_inline center_title\"><div class=\"cz_title_content\"><div class=\"cz_wpe_content\"><p><span class=\"sub_title\">Produits &amp; Fabrications<\/span><\/p>\n<h1 data-start=\"30\" data-end=\"50\"><strong data-start=\"30\" data-end=\"50\">Tracteur routier<\/strong><\/h1>\n<\/div><\/div><\/div><div class=\"cz_gap clr \" style=\"height: 14px\"><\/div><div id=\"cz_18399\" class=\"cz_grid_p cz_18399\"><div class=\"cz_grid cz_grid_1 clr cz_metro_5 cz_grid_c3 cz_grid_1_no_title cz_grid_1_mid tac cust_gal\"><div class=\"cz_grid_item cz_grid_first\"><\/div><div class=\"cz_grid_item \"><div><a class=\"cz_grid_link \" href=\"https:\/\/ntccglobal.com\/wp-content\/uploads\/2025\/11\/30599596-4.jpeg\" data-xtra-lightbox><img decoding=\"async\" width=\"600\" height=\"600\" src=\"https:\/\/ntccglobal.com\/wp-content\/uploads\/2025\/11\/30599596-4-600x600.jpeg\" class=\"attachment-codevz_600_600\" alt=\"\" title=\"30599596-4\" srcset=\"https:\/\/ntccglobal.com\/wp-content\/uploads\/2025\/11\/30599596-4-600x600.jpeg 600w, https:\/\/ntccglobal.com\/wp-content\/uploads\/2025\/11\/30599596-4-150x150.jpeg 150w\" sizes=\"(max-width: 600px) 100vw, 600px\" \/><div class=\"cz_grid_details\"><i class=\"fa czico-142-search-6 cz_grid_icon\"><\/i><\/div><\/a><\/div><\/div><div class=\"cz_grid_item \"><div><a class=\"cz_grid_link \" href=\"https:\/\/ntccglobal.com\/wp-content\/uploads\/2025\/11\/ras.png\" data-xtra-lightbox><img decoding=\"async\" width=\"406\" height=\"266\" src=\"https:\/\/ntccglobal.com\/wp-content\/uploads\/2025\/11\/ras.png\" class=\"attachment-codevz_600_600\" alt=\"\" title=\"ras\" srcset=\"https:\/\/ntccglobal.com\/wp-content\/uploads\/2025\/11\/ras.png 406w, https:\/\/ntccglobal.com\/wp-content\/uploads\/2025\/11\/ras-300x197.png 300w\" sizes=\"(max-width: 406px) 100vw, 406px\" \/><div class=\"cz_grid_details\"><i class=\"fa czico-142-search-6 cz_grid_icon\"><\/i><\/div><\/a><\/div><\/div><div class=\"cz_grid_item \"><div><a class=\"cz_grid_link \" href=\"https:\/\/ntccglobal.com\/wp-content\/uploads\/2025\/11\/chassis-trakker-420-iveco.jpg\" data-xtra-lightbox><img decoding=\"async\" width=\"600\" height=\"600\" src=\"https:\/\/ntccglobal.com\/wp-content\/uploads\/2025\/11\/chassis-trakker-420-iveco-600x600.jpg\" class=\"attachment-codevz_600_600\" alt=\"\" title=\"chassis-trakker-420-iveco\" srcset=\"https:\/\/ntccglobal.com\/wp-content\/uploads\/2025\/11\/chassis-trakker-420-iveco-600x600.jpg 600w, https:\/\/ntccglobal.com\/wp-content\/uploads\/2025\/11\/chassis-trakker-420-iveco-150x150.jpg 150w\" sizes=\"(max-width: 600px) 100vw, 600px\" \/><div class=\"cz_grid_details\"><i class=\"fa czico-142-search-6 cz_grid_icon\"><\/i><\/div><\/a><\/div><\/div><\/div><\/div>[\/vc_column][\/vc_row][vc_row el_class=\u00a0\u00bbprod_content\u00a0\u00bb][vc_column width=\u00a0\u00bb2\/3&Prime; el_class=\u00a0\u00bbleft_side\u00a0\u00bb][vc_column_text css=\u00a0\u00bb.vc_custom_1762247597505{margin-bottom: 0px !important;}\u00a0\u00bb]<\/p>\n<h2>Capacit\u00e9, s\u00e9curit\u00e9 et performance<\/h2>\n<p>[\/vc_column_text][vc_column_text]<\/p>\n<h1 data-start=\"30\" data-end=\"50\"><strong data-start=\"30\" data-end=\"50\">Tracteur routier<\/strong><\/h1>\n<p data-start=\"52\" data-end=\"200\"><strong data-start=\"52\" data-end=\"95\">\u2022 Sp\u00e9cifications techniques g\u00e9n\u00e9rales :<\/strong><br data-start=\"95\" data-end=\"98\" \/>1- Puissance du moteur : 470 ch<br data-start=\"129\" data-end=\"132\" \/>2- Type de carburant : Diesel<br data-start=\"161\" data-end=\"164\" \/>3- Dimension des pneus : 22,5 \/ 24<\/p>\n<p data-start=\"202\" data-end=\"236\"><strong data-start=\"202\" data-end=\"234\">\u2022 Sp\u00e9cifications du moteur :<\/strong><\/p>\n<p data-start=\"238\" data-end=\"581\">Le camion Iveco est propos\u00e9 avec un choix de deux moteurs permanents \u00e0 six (6) cylindres, conformes \u00e0 la norme d\u2019\u00e9missions EURO OM III, d\u2019une cylindr\u00e9e de 12,8 litres pour le moteur OM 470, et de 15,6 litres pour l\u2019autre version, tous deux con\u00e7us pour une faible consommation de carburant, une long\u00e9vit\u00e9 maximale et des performances optimales.<\/p>\n<p data-start=\"583\" data-end=\"818\">Le moteur OM 470 a \u00e9t\u00e9 d\u00e9velopp\u00e9 sur la base d\u2019une technologie \u00e9prouv\u00e9e et de composants robustes, offrant des niveaux \u00e9lev\u00e9s de couple \u00e0 des r\u00e9gimes moteur plus faibles. Il est disponible avec des puissances allant de 360 ch \u00e0 470 ch.<\/p>\n<p data-start=\"820\" data-end=\"1198\">La version r\u00e9cemment d\u00e9velopp\u00e9e du moteur OM 470 d\u00e9livre une puissance comprise entre 517 ch et 578 ch, combinant performances \u00e9lev\u00e9es et excellente efficacit\u00e9 \u00e9nerg\u00e9tique. Le moteur OM 470 se distingue \u00e9galement par son syst\u00e8me d\u2019injection haute pression unique X-Plus, avec une pression d\u2019injection atteignant 2 700 bars, ainsi que par un turbocompresseur asym\u00e9trique brevet\u00e9.<\/p>\n<p>[\/vc_column_text][\/vc_column][vc_column width=\u00a0\u00bb1\/3&Prime; el_class=\u00a0\u00bbright_side\u00a0\u00bb][vc_column_text]<\/p>\n<h3>Discover more products<\/h3>\n<p>[\/vc_column_text]<div id=\"cz_68496\" class=\"cz_68496\"><div class=\"cz_grid cz_grid_1 clr cz_posts_list_1 cz_grid_1_title_sub_after cz_grid_1_has_excerpt cz_grid_1_bot tal\" data-gap=\"31\" data-atts='{\"action\":\"cz_ajax_posts\",\"post_class\":\"cz_grid_item\",\"post__in\":null,\"author__in\":null,\"nonce\":\"e41cd3cc34\",\"nonce_id\":\"cz_68496\",\"loadmore_end\":\"Not found more posts\",\"layout\":\"cz_posts_list_1\",\"hover\":\"cz_grid_1_title_sub_after cz_grid_1_has_excerpt\",\"image_size\":\"codevz_360_320\",\"subtitles\":\"%5B%7B%22t%22%3A%22date%22%7D%5D\",\"subtitle_pos\":\"\",\"icon\":\"fa czico-142-search-6\",\"el\":\"20\",\"title_lenght\":\"\",\"cat_tax\":\"category\",\"cat\":\"\",\"cat_exclude\":\"\",\"tag_tax\":\"post_tag\",\"tag_id\":\"\",\"tag_exclude\":\"\",\"post_type\":\"portfolio\",\"posts_per_page\":\"5\",\"order\":\"DESC\",\"orderby\":\"date\",\"tilt_data\":null,\"svg_sizes\":[\"360\",\"320\"],\"img_fx\":\"\",\"custom_size\":\"\",\"excerpt_rm\":\"true\",\"title_tag\":\"h4\",\"s\":\"\"}'><div class=\"cz_grid_item cz_grid_first\"><\/div><div data-id=\"2859\" class=\"cz_grid_item  cz_posts_list_even post-2859 portfolio type-portfolio status-publish format-standard has-post-thumbnail hentry portfolio_cat-equipements-specifiques\"><div class=\"clr\"><a class=\"cz_grid_link\" href=\"https:\/\/ntccglobal.com\/fr\/products\/atelier-de-maintenance-mobile-monte-sur-camion\/\" title=\"Atelier de maintenance mobile mont\u00e9 sur camion\"><img decoding=\"async\" width=\"360\" height=\"320\" src=\"https:\/\/ntccglobal.com\/wp-content\/uploads\/2026\/01\/Capture123-360x320.png\" class=\"attachment-codevz_360_320\" alt=\"\" title=\"Capture123\" \/><div class=\"cz_grid_details\"><i class=\"fa czico-142-search-6 cz_grid_icon\"><\/i><\/div><\/a><div class=\"cz_grid_details cz_grid_details_outside\"><a class=\"cz_grid_title\" href=\"https:\/\/ntccglobal.com\/fr\/products\/atelier-de-maintenance-mobile-monte-sur-camion\/\"><h4>Atelier de maintenance mobile mont\u00e9 sur camion<\/h4><\/a><small class=\"clr\"><span class=\"cz_post_data cz_data_date\"><a href=\"https:\/\/ntccglobal.com\/fr\/products\/atelier-de-maintenance-mobile-monte-sur-camion\/\">23 Jan<\/a><\/span><\/small><div class=\"cz_post_excerpt\">Chez National Trailers Export Company, nous concevons et fabriquons des camions-bennes 5 tonnes qui allient robustesse, s\u00e9curit\u00e9<a class=\"cz_readmore\" href=\"https:\/\/ntccglobal.com\/fr\/products\/atelier-de-maintenance-mobile-monte-sur-camion\/\"><i class=\"fa fa-angle-right\" aria-hidden=\"true\"><\/i><span>Read More<\/span><\/a><\/div><\/div><\/div><\/div><div data-id=\"2818\" class=\"cz_grid_item  cz_posts_list_odd post-2818 portfolio type-portfolio status-publish format-standard has-post-thumbnail hentry portfolio_cat-equipements-specifiques\"><div class=\"clr\"><a class=\"cz_grid_link\" href=\"https:\/\/ntccglobal.com\/fr\/products\/camion-de-lutte-contre-lincendie-equipe-mercedes-44\/\" title=\"Camion de lutte contre l\u2019incendie \u00e9quip\u00e9 \u2013 MERCEDES 4\u00d74\"><img decoding=\"async\" width=\"360\" height=\"320\" src=\"https:\/\/ntccglobal.com\/wp-content\/uploads\/2026\/01\/ein-mercedes-benz-actros-2031-aufgebaut-9525-360x320.jpg\" class=\"attachment-codevz_360_320\" alt=\"\" title=\"ein-mercedes-benz-actros-2031-aufgebaut-9525\" \/><div class=\"cz_grid_details\"><i class=\"fa czico-142-search-6 cz_grid_icon\"><\/i><\/div><\/a><div class=\"cz_grid_details cz_grid_details_outside\"><a class=\"cz_grid_title\" href=\"https:\/\/ntccglobal.com\/fr\/products\/camion-de-lutte-contre-lincendie-equipe-mercedes-44\/\"><h4>Camion de lutte contre l\u2019incendie \u00e9quip\u00e9 \u2013 MERCEDES 4\u00d74<\/h4><\/a><small class=\"clr\"><span class=\"cz_post_data cz_data_date\"><a href=\"https:\/\/ntccglobal.com\/fr\/products\/camion-de-lutte-contre-lincendie-equipe-mercedes-44\/\">12 Jan<\/a><\/span><\/small><div class=\"cz_post_excerpt\">Chez National Trailers Export Company, nous concevons et fabriquons des r\u00e9servoirs de carburant pour semi-remorques alliant <a class=\"cz_readmore\" href=\"https:\/\/ntccglobal.com\/fr\/products\/camion-de-lutte-contre-lincendie-equipe-mercedes-44\/\"><i class=\"fa fa-angle-right\" aria-hidden=\"true\"><\/i><span>Read More<\/span><\/a><\/div><\/div><\/div><\/div><div data-id=\"2794\" class=\"cz_grid_item  cz_posts_list_even post-2794 portfolio type-portfolio status-publish format-standard has-post-thumbnail hentry portfolio_cat-equipements-specifiques\"><div class=\"clr\"><a class=\"cz_grid_link\" href=\"https:\/\/ntccglobal.com\/fr\/products\/camion-de-lutte-contre-lincendie-equipe-380-24\/\" title=\"Camion de lutte contre l\u2019incendie \u00e9quip\u00e9 \u2013 380 2\u00d74\"><img decoding=\"async\" width=\"360\" height=\"195\" src=\"https:\/\/ntccglobal.com\/wp-content\/uploads\/2026\/01\/181203-11764323-1-360x195.jpg\" class=\"attachment-codevz_360_320\" alt=\"\" title=\"181203-11764323\" \/><div class=\"cz_grid_details\"><i class=\"fa czico-142-search-6 cz_grid_icon\"><\/i><\/div><\/a><div class=\"cz_grid_details cz_grid_details_outside\"><a class=\"cz_grid_title\" href=\"https:\/\/ntccglobal.com\/fr\/products\/camion-de-lutte-contre-lincendie-equipe-380-24\/\"><h4>Camion de lutte contre l\u2019incendie \u00e9quip\u00e9 \u2013 380 2\u00d74<\/h4><\/a><small class=\"clr\"><span class=\"cz_post_data cz_data_date\"><a href=\"https:\/\/ntccglobal.com\/fr\/products\/camion-de-lutte-contre-lincendie-equipe-380-24\/\">12 Jan<\/a><\/span><\/small><div class=\"cz_post_excerpt\">Chez National Trailers Export Company, nous concevons et fabriquons des r\u00e9servoirs de carburant pour semi-remorques alliant <a class=\"cz_readmore\" href=\"https:\/\/ntccglobal.com\/fr\/products\/camion-de-lutte-contre-lincendie-equipe-380-24\/\"><i class=\"fa fa-angle-right\" aria-hidden=\"true\"><\/i><span>Read More<\/span><\/a><\/div><\/div><\/div><\/div><div data-id=\"2787\" class=\"cz_grid_item  cz_posts_list_odd post-2787 portfolio type-portfolio status-publish format-standard has-post-thumbnail hentry portfolio_cat-camions\"><div class=\"clr\"><a class=\"cz_grid_link\" href=\"https:\/\/ntccglobal.com\/fr\/products\/bulldozer-3-m-956f-sdlg-fr\/\" title=\"Bulldozer 3 m &#8211; 956F SDLG\"><img decoding=\"async\" width=\"360\" height=\"290\" src=\"https:\/\/ntccglobal.com\/wp-content\/uploads\/2026\/01\/1405059133638-360x290.jpg\" class=\"attachment-codevz_360_320\" alt=\"\" title=\"1405059133638\" \/><div class=\"cz_grid_details\"><i class=\"fa czico-142-search-6 cz_grid_icon\"><\/i><\/div><\/a><div class=\"cz_grid_details cz_grid_details_outside\"><a class=\"cz_grid_title\" href=\"https:\/\/ntccglobal.com\/fr\/products\/bulldozer-3-m-956f-sdlg-fr\/\"><h4>Bulldozer 3 m &#8211; 956F SDLG<\/h4><\/a><small class=\"clr\"><span class=\"cz_post_data cz_data_date\"><a href=\"https:\/\/ntccglobal.com\/fr\/products\/bulldozer-3-m-956f-sdlg-fr\/\">12 Jan<\/a><\/span><\/small><div class=\"cz_post_excerpt\">Chez National Trailers Export Company, nous concevons et fabriquons des r\u00e9servoirs de carburant pour semi-remorques alliant <a class=\"cz_readmore\" href=\"https:\/\/ntccglobal.com\/fr\/products\/bulldozer-3-m-956f-sdlg-fr\/\"><i class=\"fa fa-angle-right\" aria-hidden=\"true\"><\/i><span>Read More<\/span><\/a><\/div><\/div><\/div><\/div><div data-id=\"2781\" class=\"cz_grid_item  cz_posts_list_even post-2781 portfolio type-portfolio status-publish format-standard has-post-thumbnail hentry portfolio_cat-camions\"><div class=\"clr\"><a class=\"cz_grid_link\" href=\"https:\/\/ntccglobal.com\/fr\/products\/camion-iveco-2x4-190\/\" title=\"Camion Iveco 2\u00d74 \u2013 190\"><img decoding=\"async\" width=\"360\" height=\"320\" src=\"https:\/\/ntccglobal.com\/wp-content\/uploads\/2026\/01\/ivec-360x320.jpg\" class=\"attachment-codevz_360_320\" alt=\"\" title=\"ivec\" \/><div class=\"cz_grid_details\"><i class=\"fa czico-142-search-6 cz_grid_icon\"><\/i><\/div><\/a><div class=\"cz_grid_details cz_grid_details_outside\"><a class=\"cz_grid_title\" href=\"https:\/\/ntccglobal.com\/fr\/products\/camion-iveco-2x4-190\/\"><h4>Camion Iveco 2\u00d74 \u2013 190<\/h4><\/a><small class=\"clr\"><span class=\"cz_post_data cz_data_date\"><a href=\"https:\/\/ntccglobal.com\/fr\/products\/camion-iveco-2x4-190\/\">12 Jan<\/a><\/span><\/small><div class=\"cz_post_excerpt\">Chez National Trailers Export Company, nous concevons et fabriquons des r\u00e9servoirs de carburant pour semi-remorques alliant <a class=\"cz_readmore\" href=\"https:\/\/ntccglobal.com\/fr\/products\/camion-iveco-2x4-190\/\"><i class=\"fa fa-angle-right\" aria-hidden=\"true\"><\/i><span>Read More<\/span><\/a><\/div><\/div><\/div><\/div><\/div><\/div>[\/vc_column][\/vc_row]<\/p>\n<\/section>","protected":false},"excerpt":{"rendered":"<p>Chez National Trailers Export Company, nous concevons et fabriquons des r\u00e9servoirs de carburant pour semi-remorques alliant &#8230; &#8230; <a class=\"cz_readmore\" href=\"https:\/\/ntccglobal.com\/fr\/products\/camion-iveco-2x4-190\/\"><i class=\"fa fa-angle-right\" aria-hidden=\"true\"><\/i><span>Read More<\/span><\/a><\/p>\n","protected":false},"author":1,"featured_media":2836,"comment_status":"closed","ping_status":"closed","template":"","format":"standard","meta":{"inline_featured_image":false},"portfolio_cat":[145],"portfolio_tags":[],"class_list":["post-2391","portfolio","type-portfolio","status-publish","format-standard","has-post-thumbnail","hentry","portfolio_cat-camions"],"_links":{"self":[{"href":"https:\/\/ntccglobal.com\/fr\/wp-json\/wp\/v2\/portfolio\/2391","targetHints":{"allow":["GET"]}}],"collection":[{"href":"https:\/\/ntccglobal.com\/fr\/wp-json\/wp\/v2\/portfolio"}],"about":[{"href":"https:\/\/ntccglobal.com\/fr\/wp-json\/wp\/v2\/types\/portfolio"}],"author":[{"embeddable":true,"href":"https:\/\/ntccglobal.com\/fr\/wp-json\/wp\/v2\/users\/1"}],"replies":[{"embeddable":true,"href":"https:\/\/ntccglobal.com\/fr\/wp-json\/wp\/v2\/comments?post=2391"}],"wp:featuredmedia":[{"embeddable":true,"href":"https:\/\/ntccglobal.com\/fr\/wp-json\/wp\/v2\/media\/2836"}],"wp:attachment":[{"href":"https:\/\/ntccglobal.com\/fr\/wp-json\/wp\/v2\/media?parent=2391"}],"wp:term":[{"taxonomy":"portfolio_cat","embeddable":true,"href":"https:\/\/ntccglobal.com\/fr\/wp-json\/wp\/v2\/portfolio_cat?post=2391"},{"taxonomy":"portfolio_tags","embeddable":true,"href":"https:\/\/ntccglobal.com\/fr\/wp-json\/wp\/v2\/portfolio_tags?post=2391"}],"curies":[{"name":"wp","href":"https:\/\/api.w.org\/{rel}","templated":true}]}}