{"id":2083,"date":"2025-10-27T11:32:43","date_gmt":"2025-10-27T11:32:43","guid":{"rendered":"https:\/\/ntcc.trustdev.info\/products\/truck-bodies\/"},"modified":"2026-01-06T14:21:47","modified_gmt":"2026-01-06T14:21:47","slug":"semi-remorque-a-ridelles-charge-utile-60-tonnes-3-essieux","status":"publish","type":"portfolio","link":"https:\/\/ntccglobal.com\/fr\/products\/semi-remorque-a-ridelles-charge-utile-60-tonnes-3-essieux\/","title":{"rendered":"Semi-remorque plateau \u00e0 ridelles \u2013 Charge utile 60 tonnes \u2013 3 essieux"},"content":{"rendered":"<section class=\"wpb-content-wrapper\"><p>[vc_row el_class=\u00a0\u00bbcust_gal\u00a0\u00bb][vc_column]<div id=\"cz_54621\" class=\"cz_54621 cz_title clr cz_mobile_text_center cz_title_pos_inline center_title\"><div class=\"cz_title_content\"><div class=\"cz_wpe_content\"><p><span class=\"sub_title\">Produits &amp; Fabrications<\/span><\/p>\n<h1 data-start=\"291\" data-end=\"360\"><strong data-start=\"295\" data-end=\"360\">Semi-remorque plateau \u00e0 ridelles \u2013 Charge utile 60 tonnes \u2013 3 essieux<\/strong><\/h1>\n<\/div><\/div><\/div><div class=\"cz_gap clr \" style=\"height: 14px\"><\/div><div id=\"cz_59549\" class=\"cz_grid_p cz_59549\"><div class=\"cz_grid cz_grid_1 clr cz_metro_5 cz_grid_c3 cz_grid_1_no_title cz_grid_1_mid tac cust_gal\"><div class=\"cz_grid_item cz_grid_first\"><\/div><div class=\"cz_grid_item \"><div><a class=\"cz_grid_link \" href=\"https:\/\/ntccglobal.com\/wp-content\/uploads\/2025\/10\/drop-side-trailer-1-.jpg\" data-xtra-lightbox><img decoding=\"async\" width=\"600\" height=\"600\" src=\"https:\/\/ntccglobal.com\/wp-content\/uploads\/2025\/10\/drop-side-trailer-1--600x600.jpg\" class=\"attachment-codevz_600_600\" alt=\"\" title=\"-drop-side-trailer--1--\" srcset=\"https:\/\/ntccglobal.com\/wp-content\/uploads\/2025\/10\/drop-side-trailer-1--600x600.jpg 600w, https:\/\/ntccglobal.com\/wp-content\/uploads\/2025\/10\/drop-side-trailer-1--300x300.jpg 300w, https:\/\/ntccglobal.com\/wp-content\/uploads\/2025\/10\/drop-side-trailer-1--150x150.jpg 150w, https:\/\/ntccglobal.com\/wp-content\/uploads\/2025\/10\/drop-side-trailer-1-.jpg 750w\" sizes=\"(max-width: 600px) 100vw, 600px\" \/><div class=\"cz_grid_details\"><i class=\"fa czico-142-search-6 cz_grid_icon\"><\/i><\/div><\/a><\/div><\/div><div class=\"cz_grid_item \"><div><a class=\"cz_grid_link \" href=\"https:\/\/ntccglobal.com\/wp-content\/uploads\/2025\/10\/side-wall-semi-trailer-1-.jpg\" data-xtra-lightbox><img decoding=\"async\" width=\"600\" height=\"600\" src=\"https:\/\/ntccglobal.com\/wp-content\/uploads\/2025\/10\/side-wall-semi-trailer-1--600x600.jpg\" class=\"attachment-codevz_600_600\" alt=\"\" title=\"-side-wall-semi-trailer--1-\" srcset=\"https:\/\/ntccglobal.com\/wp-content\/uploads\/2025\/10\/side-wall-semi-trailer-1--600x600.jpg 600w, https:\/\/ntccglobal.com\/wp-content\/uploads\/2025\/10\/side-wall-semi-trailer-1--300x300.jpg 300w, https:\/\/ntccglobal.com\/wp-content\/uploads\/2025\/10\/side-wall-semi-trailer-1--150x150.jpg 150w, https:\/\/ntccglobal.com\/wp-content\/uploads\/2025\/10\/side-wall-semi-trailer-1-.jpg 750w\" sizes=\"(max-width: 600px) 100vw, 600px\" \/><div class=\"cz_grid_details\"><i class=\"fa czico-142-search-6 cz_grid_icon\"><\/i><\/div><\/a><\/div><\/div><div class=\"cz_grid_item \"><div><a class=\"cz_grid_link \" href=\"https:\/\/ntccglobal.com\/wp-content\/uploads\/2025\/10\/60-3mmmmm.jpg\" data-xtra-lightbox><img decoding=\"async\" width=\"600\" height=\"600\" src=\"https:\/\/ntccglobal.com\/wp-content\/uploads\/2025\/10\/60-3mmmmm-600x600.jpg\" class=\"attachment-codevz_600_600\" alt=\"\" title=\"60-3mmmmm\" srcset=\"https:\/\/ntccglobal.com\/wp-content\/uploads\/2025\/10\/60-3mmmmm-600x600.jpg 600w, https:\/\/ntccglobal.com\/wp-content\/uploads\/2025\/10\/60-3mmmmm-150x150.jpg 150w\" sizes=\"(max-width: 600px) 100vw, 600px\" \/><div class=\"cz_grid_details\"><i class=\"fa czico-142-search-6 cz_grid_icon\"><\/i><\/div><\/a><\/div><\/div><\/div><\/div>[\/vc_column][\/vc_row][vc_row el_class=\u00a0\u00bbprod_content\u00a0\u00bb][vc_column width=\u00a0\u00bb2\/3&Prime; el_class=\u00a0\u00bbleft_side\u00a0\u00bb][vc_column_text css=\u00a0\u00bb.vc_custom_1767627635233{margin-bottom: 0px !important;}\u00a0\u00bb]<\/p>\n<h1>Solutions de transport fiables<\/h1>\n<p>[\/vc_column_text][vc_column_text]<\/p>\n<h1 data-start=\"291\" data-end=\"360\"><strong data-start=\"295\" data-end=\"360\">Semi-remorque plateau \u00e0 ridelles \u2013 Charge utile 60 tonnes \u2013 3 essieux<\/strong><\/h1>\n<h3 data-start=\"362\" data-end=\"407\"><strong data-start=\"362\" data-end=\"405\">\u2022 Sp\u00e9cifications techniques g\u00e9n\u00e9rales :<\/strong><\/h3>\n<ol data-start=\"408\" data-end=\"543\">\n<li data-start=\"408\" data-end=\"450\">\n<p data-start=\"411\" data-end=\"450\">Nombre d\u2019essieux : trois (3) essieux.<\/p>\n<\/li>\n<li data-start=\"451\" data-end=\"517\">\n<p data-start=\"454\" data-end=\"517\">Longueur totale de la semi-remorque 60 tonnes : 13,60 m\u00e8tres.<\/p>\n<\/li>\n<li data-start=\"518\" data-end=\"543\">\n<p data-start=\"521\" data-end=\"543\">Largeur : 2,60 m\u00e8tres.<\/p>\n<\/li>\n<\/ol>\n<h3 data-start=\"550\" data-end=\"581\"><strong data-start=\"554\" data-end=\"579\">\u2022 Ch\u00e2ssis inf\u00e9rieur :<\/strong><\/h3>\n<p data-start=\"582\" data-end=\"651\">Fabriqu\u00e9 \u00e0 partir de deux (2) longerons principaux en forme de <strong data-start=\"645\" data-end=\"650\">U<\/strong>.<\/p>\n<h3 data-start=\"550\" data-end=\"581\"><strong data-start=\"554\" data-end=\"579\">\u2022 <\/strong><strong data-start=\"883\" data-end=\"896\">Essieux :<\/strong><\/h3>\n<p data-start=\"899\" data-end=\"991\">Nombre : trois (3) essieux, capacit\u00e9 de <strong data-start=\"939\" data-end=\"963\">16 000 kg par essieu<\/strong><br data-start=\"963\" data-end=\"966\" \/>(3 \u00d7 16 000 kg \/ 14-R20).<\/p>\n<p>[\/vc_column_text][\/vc_column][vc_column width=\u00a0\u00bb1\/3&Prime; el_class=\u00a0\u00bbright_side\u00a0\u00bb][vc_column_text]<\/p>\n<h3>Discover more products<\/h3>\n<p>[\/vc_column_text]<div id=\"cz_68496\" class=\"cz_68496\"><div class=\"cz_grid cz_grid_1 clr cz_posts_list_1 cz_grid_1_title_sub_after cz_grid_1_has_excerpt cz_grid_1_bot tal\" data-gap=\"31\" data-atts='{\"action\":\"cz_ajax_posts\",\"post_class\":\"cz_grid_item\",\"post__in\":null,\"author__in\":null,\"nonce\":\"e41cd3cc34\",\"nonce_id\":\"cz_68496\",\"loadmore_end\":\"Not found more posts\",\"layout\":\"cz_posts_list_1\",\"hover\":\"cz_grid_1_title_sub_after cz_grid_1_has_excerpt\",\"image_size\":\"codevz_360_320\",\"subtitles\":\"%5B%7B%22t%22%3A%22date%22%7D%5D\",\"subtitle_pos\":\"\",\"icon\":\"fa czico-142-search-6\",\"el\":\"20\",\"title_lenght\":\"\",\"cat_tax\":\"category\",\"cat\":\"\",\"cat_exclude\":\"\",\"tag_tax\":\"post_tag\",\"tag_id\":\"\",\"tag_exclude\":\"\",\"post_type\":\"portfolio\",\"posts_per_page\":\"5\",\"order\":\"DESC\",\"orderby\":\"date\",\"tilt_data\":null,\"svg_sizes\":[\"360\",\"320\"],\"img_fx\":\"\",\"custom_size\":\"\",\"excerpt_rm\":\"true\",\"title_tag\":\"h4\",\"s\":\"\"}'><div class=\"cz_grid_item cz_grid_first\"><\/div><div data-id=\"2859\" class=\"cz_grid_item  cz_posts_list_even post-2859 portfolio type-portfolio status-publish format-standard has-post-thumbnail hentry portfolio_cat-equipements-specifiques\"><div class=\"clr\"><a class=\"cz_grid_link\" href=\"https:\/\/ntccglobal.com\/fr\/products\/atelier-de-maintenance-mobile-monte-sur-camion\/\" title=\"Atelier de maintenance mobile mont\u00e9 sur camion\"><img decoding=\"async\" width=\"360\" height=\"320\" src=\"https:\/\/ntccglobal.com\/wp-content\/uploads\/2026\/01\/Capture123-360x320.png\" class=\"attachment-codevz_360_320\" alt=\"\" title=\"Capture123\" \/><div class=\"cz_grid_details\"><i class=\"fa czico-142-search-6 cz_grid_icon\"><\/i><\/div><\/a><div class=\"cz_grid_details cz_grid_details_outside\"><a class=\"cz_grid_title\" href=\"https:\/\/ntccglobal.com\/fr\/products\/atelier-de-maintenance-mobile-monte-sur-camion\/\"><h4>Atelier de maintenance mobile mont\u00e9 sur camion<\/h4><\/a><small class=\"clr\"><span class=\"cz_post_data cz_data_date\"><a href=\"https:\/\/ntccglobal.com\/fr\/products\/atelier-de-maintenance-mobile-monte-sur-camion\/\">23 Jan<\/a><\/span><\/small><div class=\"cz_post_excerpt\">Chez National Trailers Export Company, nous concevons et fabriquons des camions-bennes 5 tonnes qui allient robustesse, s\u00e9curit\u00e9<a class=\"cz_readmore\" href=\"https:\/\/ntccglobal.com\/fr\/products\/atelier-de-maintenance-mobile-monte-sur-camion\/\"><i class=\"fa fa-angle-right\" aria-hidden=\"true\"><\/i><span>Read More<\/span><\/a><\/div><\/div><\/div><\/div><div data-id=\"2818\" class=\"cz_grid_item  cz_posts_list_odd post-2818 portfolio type-portfolio status-publish format-standard has-post-thumbnail hentry portfolio_cat-equipements-specifiques\"><div class=\"clr\"><a class=\"cz_grid_link\" href=\"https:\/\/ntccglobal.com\/fr\/products\/camion-de-lutte-contre-lincendie-equipe-mercedes-44\/\" title=\"Camion de lutte contre l\u2019incendie \u00e9quip\u00e9 \u2013 MERCEDES 4\u00d74\"><img decoding=\"async\" width=\"360\" height=\"320\" src=\"https:\/\/ntccglobal.com\/wp-content\/uploads\/2026\/01\/ein-mercedes-benz-actros-2031-aufgebaut-9525-360x320.jpg\" class=\"attachment-codevz_360_320\" alt=\"\" title=\"ein-mercedes-benz-actros-2031-aufgebaut-9525\" \/><div class=\"cz_grid_details\"><i class=\"fa czico-142-search-6 cz_grid_icon\"><\/i><\/div><\/a><div class=\"cz_grid_details cz_grid_details_outside\"><a class=\"cz_grid_title\" href=\"https:\/\/ntccglobal.com\/fr\/products\/camion-de-lutte-contre-lincendie-equipe-mercedes-44\/\"><h4>Camion de lutte contre l\u2019incendie \u00e9quip\u00e9 \u2013 MERCEDES 4\u00d74<\/h4><\/a><small class=\"clr\"><span class=\"cz_post_data cz_data_date\"><a href=\"https:\/\/ntccglobal.com\/fr\/products\/camion-de-lutte-contre-lincendie-equipe-mercedes-44\/\">12 Jan<\/a><\/span><\/small><div class=\"cz_post_excerpt\">Chez National Trailers Export Company, nous concevons et fabriquons des r\u00e9servoirs de carburant pour semi-remorques alliant <a class=\"cz_readmore\" href=\"https:\/\/ntccglobal.com\/fr\/products\/camion-de-lutte-contre-lincendie-equipe-mercedes-44\/\"><i class=\"fa fa-angle-right\" aria-hidden=\"true\"><\/i><span>Read More<\/span><\/a><\/div><\/div><\/div><\/div><div data-id=\"2794\" class=\"cz_grid_item  cz_posts_list_even post-2794 portfolio type-portfolio status-publish format-standard has-post-thumbnail hentry portfolio_cat-equipements-specifiques\"><div class=\"clr\"><a class=\"cz_grid_link\" href=\"https:\/\/ntccglobal.com\/fr\/products\/camion-de-lutte-contre-lincendie-equipe-380-24\/\" title=\"Camion de lutte contre l\u2019incendie \u00e9quip\u00e9 \u2013 380 2\u00d74\"><img decoding=\"async\" width=\"360\" height=\"195\" src=\"https:\/\/ntccglobal.com\/wp-content\/uploads\/2026\/01\/181203-11764323-1-360x195.jpg\" class=\"attachment-codevz_360_320\" alt=\"\" title=\"181203-11764323\" \/><div class=\"cz_grid_details\"><i class=\"fa czico-142-search-6 cz_grid_icon\"><\/i><\/div><\/a><div class=\"cz_grid_details cz_grid_details_outside\"><a class=\"cz_grid_title\" href=\"https:\/\/ntccglobal.com\/fr\/products\/camion-de-lutte-contre-lincendie-equipe-380-24\/\"><h4>Camion de lutte contre l\u2019incendie \u00e9quip\u00e9 \u2013 380 2\u00d74<\/h4><\/a><small class=\"clr\"><span class=\"cz_post_data cz_data_date\"><a href=\"https:\/\/ntccglobal.com\/fr\/products\/camion-de-lutte-contre-lincendie-equipe-380-24\/\">12 Jan<\/a><\/span><\/small><div class=\"cz_post_excerpt\">Chez National Trailers Export Company, nous concevons et fabriquons des r\u00e9servoirs de carburant pour semi-remorques alliant <a class=\"cz_readmore\" href=\"https:\/\/ntccglobal.com\/fr\/products\/camion-de-lutte-contre-lincendie-equipe-380-24\/\"><i class=\"fa fa-angle-right\" aria-hidden=\"true\"><\/i><span>Read More<\/span><\/a><\/div><\/div><\/div><\/div><div data-id=\"2787\" class=\"cz_grid_item  cz_posts_list_odd post-2787 portfolio type-portfolio status-publish format-standard has-post-thumbnail hentry portfolio_cat-camions\"><div class=\"clr\"><a class=\"cz_grid_link\" href=\"https:\/\/ntccglobal.com\/fr\/products\/bulldozer-3-m-956f-sdlg-fr\/\" title=\"Bulldozer 3 m &#8211; 956F SDLG\"><img decoding=\"async\" width=\"360\" height=\"290\" src=\"https:\/\/ntccglobal.com\/wp-content\/uploads\/2026\/01\/1405059133638-360x290.jpg\" class=\"attachment-codevz_360_320\" alt=\"\" title=\"1405059133638\" \/><div class=\"cz_grid_details\"><i class=\"fa czico-142-search-6 cz_grid_icon\"><\/i><\/div><\/a><div class=\"cz_grid_details cz_grid_details_outside\"><a class=\"cz_grid_title\" href=\"https:\/\/ntccglobal.com\/fr\/products\/bulldozer-3-m-956f-sdlg-fr\/\"><h4>Bulldozer 3 m &#8211; 956F SDLG<\/h4><\/a><small class=\"clr\"><span class=\"cz_post_data cz_data_date\"><a href=\"https:\/\/ntccglobal.com\/fr\/products\/bulldozer-3-m-956f-sdlg-fr\/\">12 Jan<\/a><\/span><\/small><div class=\"cz_post_excerpt\">Chez National Trailers Export Company, nous concevons et fabriquons des r\u00e9servoirs de carburant pour semi-remorques alliant <a class=\"cz_readmore\" href=\"https:\/\/ntccglobal.com\/fr\/products\/bulldozer-3-m-956f-sdlg-fr\/\"><i class=\"fa fa-angle-right\" aria-hidden=\"true\"><\/i><span>Read More<\/span><\/a><\/div><\/div><\/div><\/div><div data-id=\"2781\" class=\"cz_grid_item  cz_posts_list_even post-2781 portfolio type-portfolio status-publish format-standard has-post-thumbnail hentry portfolio_cat-camions\"><div class=\"clr\"><a class=\"cz_grid_link\" href=\"https:\/\/ntccglobal.com\/fr\/products\/camion-iveco-2x4-190\/\" title=\"Camion Iveco 2\u00d74 \u2013 190\"><img decoding=\"async\" width=\"360\" height=\"320\" src=\"https:\/\/ntccglobal.com\/wp-content\/uploads\/2026\/01\/ivec-360x320.jpg\" class=\"attachment-codevz_360_320\" alt=\"\" title=\"ivec\" \/><div class=\"cz_grid_details\"><i class=\"fa czico-142-search-6 cz_grid_icon\"><\/i><\/div><\/a><div class=\"cz_grid_details cz_grid_details_outside\"><a class=\"cz_grid_title\" href=\"https:\/\/ntccglobal.com\/fr\/products\/camion-iveco-2x4-190\/\"><h4>Camion Iveco 2\u00d74 \u2013 190<\/h4><\/a><small class=\"clr\"><span class=\"cz_post_data cz_data_date\"><a href=\"https:\/\/ntccglobal.com\/fr\/products\/camion-iveco-2x4-190\/\">12 Jan<\/a><\/span><\/small><div class=\"cz_post_excerpt\">Chez National Trailers Export Company, nous concevons et fabriquons des r\u00e9servoirs de carburant pour semi-remorques alliant <a class=\"cz_readmore\" href=\"https:\/\/ntccglobal.com\/fr\/products\/camion-iveco-2x4-190\/\"><i class=\"fa fa-angle-right\" aria-hidden=\"true\"><\/i><span>Read More<\/span><\/a><\/div><\/div><\/div><\/div><\/div><\/div>[\/vc_column][\/vc_row]<\/p>\n<\/section>","protected":false},"excerpt":{"rendered":"<p>Chez National Trailers Export Company, nous concevons et fabriquons des frigos pour poids lourds combinant performance,&#8230; &#8230; <a class=\"cz_readmore\" href=\"https:\/\/ntccglobal.com\/fr\/products\/camion-iveco-2x4-190\/\"><i class=\"fa fa-angle-right\" aria-hidden=\"true\"><\/i><span>Read More<\/span><\/a><\/p>\n","protected":false},"author":1,"featured_media":2650,"comment_status":"closed","ping_status":"closed","template":"","format":"standard","meta":{"inline_featured_image":false},"portfolio_cat":[137],"portfolio_tags":[],"class_list":["post-2083","portfolio","type-portfolio","status-publish","format-standard","has-post-thumbnail","hentry","portfolio_cat-plateaux"],"_links":{"self":[{"href":"https:\/\/ntccglobal.com\/fr\/wp-json\/wp\/v2\/portfolio\/2083","targetHints":{"allow":["GET"]}}],"collection":[{"href":"https:\/\/ntccglobal.com\/fr\/wp-json\/wp\/v2\/portfolio"}],"about":[{"href":"https:\/\/ntccglobal.com\/fr\/wp-json\/wp\/v2\/types\/portfolio"}],"author":[{"embeddable":true,"href":"https:\/\/ntccglobal.com\/fr\/wp-json\/wp\/v2\/users\/1"}],"replies":[{"embeddable":true,"href":"https:\/\/ntccglobal.com\/fr\/wp-json\/wp\/v2\/comments?post=2083"}],"wp:featuredmedia":[{"embeddable":true,"href":"https:\/\/ntccglobal.com\/fr\/wp-json\/wp\/v2\/media\/2650"}],"wp:attachment":[{"href":"https:\/\/ntccglobal.com\/fr\/wp-json\/wp\/v2\/media?parent=2083"}],"wp:term":[{"taxonomy":"portfolio_cat","embeddable":true,"href":"https:\/\/ntccglobal.com\/fr\/wp-json\/wp\/v2\/portfolio_cat?post=2083"},{"taxonomy":"portfolio_tags","embeddable":true,"href":"https:\/\/ntccglobal.com\/fr\/wp-json\/wp\/v2\/portfolio_tags?post=2083"}],"curies":[{"name":"wp","href":"https:\/\/api.w.org\/{rel}","templated":true}]}}