{"id":2082,"date":"2025-10-27T11:29:00","date_gmt":"2025-10-27T11:29:00","guid":{"rendered":"https:\/\/ntcc.trustdev.info\/products\/specialized-equipment\/"},"modified":"2026-01-06T14:01:02","modified_gmt":"2026-01-06T14:01:02","slug":"semi-remorque-a-ridelles-2","status":"publish","type":"portfolio","link":"https:\/\/ntccglobal.com\/fr\/products\/semi-remorque-a-ridelles-2\/","title":{"rendered":"Semi-remorque plateau \u00e0 ridelles \u2013 Charge utile 70 tonnes"},"content":{"rendered":"<section class=\"wpb-content-wrapper\"><p>[vc_row el_class=\u00a0\u00bbcust_gal\u00a0\u00bb][vc_column]<div id=\"cz_109641\" class=\"cz_109641 cz_title clr cz_mobile_text_center cz_title_pos_inline center_title\"><div class=\"cz_title_content\"><div class=\"cz_wpe_content\"><p><span class=\"sub_title\">Produits &amp; Fabrications<\/span><\/p>\n<h2>Semi-remorque plateau \u00e0 ridelles \u2013 Charge utile 70 tonnes<\/h2>\n<\/div><\/div><\/div><div class=\"cz_gap clr \" style=\"height: 14px\"><\/div><div id=\"cz_93424\" class=\"cz_grid_p cz_93424\"><div class=\"cz_grid cz_grid_1 clr cz_metro_5 cz_grid_c3 cz_grid_1_no_title cz_grid_1_mid tac cust_gal\"><div class=\"cz_grid_item cz_grid_first\"><\/div><div class=\"cz_grid_item \"><div><a class=\"cz_grid_link \" href=\"https:\/\/ntccglobal.com\/wp-content\/uploads\/2025\/10\/platform-semi-trailer-CIMC-60-Tons-Fence-Cargo-Semi-Trailer-Dimension-1767610085578429772_common-26010512425238426900.jpg\" data-xtra-lightbox><img decoding=\"async\" width=\"297\" height=\"231\" src=\"https:\/\/ntccglobal.com\/wp-content\/uploads\/2025\/10\/platform-semi-trailer-CIMC-60-Tons-Fence-Cargo-Semi-Trailer-Dimension-1767610085578429772_common-26010512425238426900.jpg\" class=\"attachment-codevz_600_600\" alt=\"\" title=\"platform-semi-trailer-CIMC-60-Tons-Fence-Cargo-Semi-Trailer-Dimension---1767610085578429772_common--26010512425238426900\" \/><div class=\"cz_grid_details\"><i class=\"fa czico-142-search-6 cz_grid_icon\"><\/i><\/div><\/a><\/div><\/div><div class=\"cz_grid_item \"><div><a class=\"cz_grid_link \" href=\"https:\/\/ntccglobal.com\/wp-content\/uploads\/2025\/10\/livestock-semi-trailer-FOREVER-New-3-axles-4-axles-high-fence-trailer-1705849042619077276_big-24012116562964669400.jpg\" data-xtra-lightbox><img decoding=\"async\" width=\"600\" height=\"600\" src=\"https:\/\/ntccglobal.com\/wp-content\/uploads\/2025\/10\/livestock-semi-trailer-FOREVER-New-3-axles-4-axles-high-fence-trailer-1705849042619077276_big-24012116562964669400-600x600.jpg\" class=\"attachment-codevz_600_600\" alt=\"\" title=\"livestock-semi-trailer-FOREVER-New-3-axles-4-axles-high-fence-trailer---1705849042619077276_big--24012116562964669400\" srcset=\"https:\/\/ntccglobal.com\/wp-content\/uploads\/2025\/10\/livestock-semi-trailer-FOREVER-New-3-axles-4-axles-high-fence-trailer-1705849042619077276_big-24012116562964669400-600x600.jpg 600w, https:\/\/ntccglobal.com\/wp-content\/uploads\/2025\/10\/livestock-semi-trailer-FOREVER-New-3-axles-4-axles-high-fence-trailer-1705849042619077276_big-24012116562964669400-150x150.jpg 150w\" sizes=\"(max-width: 600px) 100vw, 600px\" \/><div class=\"cz_grid_details\"><i class=\"fa czico-142-search-6 cz_grid_icon\"><\/i><\/div><\/a><\/div><\/div><div class=\"cz_grid_item \"><div><a class=\"cz_grid_link \" href=\"https:\/\/ntccglobal.com\/wp-content\/uploads\/2025\/10\/sahraui.jpg\" data-xtra-lightbox><img decoding=\"async\" width=\"600\" height=\"560\" src=\"https:\/\/ntccglobal.com\/wp-content\/uploads\/2025\/10\/sahraui-600x560.jpg\" class=\"attachment-codevz_600_600\" alt=\"\" title=\"sahraui\" \/><div class=\"cz_grid_details\"><i class=\"fa czico-142-search-6 cz_grid_icon\"><\/i><\/div><\/a><\/div><\/div><\/div><\/div>[\/vc_column][\/vc_row][vc_row el_class=\u00a0\u00bbprod_content\u00a0\u00bb][vc_column width=\u00a0\u00bb2\/3&Prime; el_class=\u00a0\u00bbleft_side\u00a0\u00bb][vc_column_text css=\u00a0\u00bb.vc_custom_1767686024665{margin-bottom: 0px !important;}\u00a0\u00bb]<\/p>\n<h2>Performance et fiabilit\u00e9<\/h2>\n<p>[\/vc_column_text][vc_column_text]<\/p>\n<h1 data-start=\"328\" data-end=\"406\"><strong data-start=\"332\" data-end=\"406\">Semi-remorque plateau \u00e0 ridelles \u2013 Charge utile 70 tonnes \u2013 Version d\u00e9sertique<\/strong><\/h1>\n<h3 data-start=\"408\" data-end=\"453\"><strong data-start=\"408\" data-end=\"451\">\u2022 Sp\u00e9cifications techniques g\u00e9n\u00e9rales :<\/strong><\/h3>\n<ol data-start=\"454\" data-end=\"584\">\n<li data-start=\"454\" data-end=\"483\">\n<p data-start=\"457\" data-end=\"483\">Essieu type <strong data-start=\"469\" data-end=\"480\">Carillo<\/strong>.<\/p>\n<\/li>\n<li data-start=\"484\" data-end=\"554\">\n<p data-start=\"487\" data-end=\"554\">Longueur totale de la semi-remorque 70 tonnes : <strong data-start=\"535\" data-end=\"551\">12,50 m\u00e8tres<\/strong>.<\/p>\n<\/li>\n<li data-start=\"555\" data-end=\"584\">\n<p data-start=\"558\" data-end=\"584\">Largeur : <strong data-start=\"568\" data-end=\"583\">3,00 m\u00e8tres<\/strong>.<\/p>\n<\/li>\n<\/ol>\n<h3><strong data-start=\"595\" data-end=\"620\">\u2022 Ch\u00e2ssis inf\u00e9rieur :<\/strong><\/h3>\n<p data-start=\"623\" data-end=\"692\">Fabriqu\u00e9 \u00e0 partir de deux (2) longerons principaux en forme de <strong data-start=\"686\" data-end=\"691\">U<\/strong>.<\/p>\n<h3 data-start=\"699\" data-end=\"733\"><strong data-start=\"703\" data-end=\"731\">\u2022 Structure sup\u00e9rieure :<\/strong><\/h3>\n<ul data-start=\"734\" data-end=\"979\">\n<li data-start=\"734\" data-end=\"793\">\n<p data-start=\"736\" data-end=\"793\">Plancher en m\u00e9tal <strong data-start=\"754\" data-end=\"762\">ST37<\/strong> d\u2019une \u00e9paisseur de <strong data-start=\"782\" data-end=\"790\">5 mm<\/strong>.<\/p>\n<\/li>\n<li data-start=\"794\" data-end=\"880\">\n<p data-start=\"796\" data-end=\"880\">\u00c9quip\u00e9e de <strong data-start=\"807\" data-end=\"827\">portes lat\u00e9rales<\/strong>, d\u2019une <strong data-start=\"835\" data-end=\"850\">porte avant<\/strong> et d\u2019une <strong data-start=\"860\" data-end=\"877\">porte arri\u00e8re<\/strong>.<\/p>\n<\/li>\n<li data-start=\"881\" data-end=\"979\">\n<p data-start=\"883\" data-end=\"979\">Parois d\u2019une \u00e9paisseur de <strong data-start=\"909\" data-end=\"917\">3 mm<\/strong> et d\u2019une hauteur totale de <strong data-start=\"945\" data-end=\"957\">1 000 mm<\/strong><br data-start=\"957\" data-end=\"960\" \/><em data-start=\"962\" data-end=\"978\">(500 + 500 mm)<\/em>.<\/p>\n<\/li>\n<\/ul>\n<h3 data-start=\"699\" data-end=\"733\"><strong data-start=\"703\" data-end=\"731\">\u2022 <\/strong><strong data-start=\"990\" data-end=\"1003\">Essieux :<\/strong><\/h3>\n<ul data-start=\"1006\" data-end=\"1036\">\n<li data-start=\"1006\" data-end=\"1036\">\n<p data-start=\"1008\" data-end=\"1036\">Type <strong data-start=\"1013\" data-end=\"1035\">Carillo d\u00e9sertique<\/strong>.<\/p>\n<\/li>\n<\/ul>\n<p>[\/vc_column_text][\/vc_column][vc_column width=\u00a0\u00bb1\/3&Prime; el_class=\u00a0\u00bbright_side\u00a0\u00bb][vc_column_text]<\/p>\n<h3>Discover more products<\/h3>\n<p>[\/vc_column_text]<div id=\"cz_68496\" class=\"cz_68496\"><div class=\"cz_grid cz_grid_1 clr cz_posts_list_1 cz_grid_1_title_sub_after cz_grid_1_has_excerpt cz_grid_1_bot tal\" data-gap=\"31\" data-atts='{\"action\":\"cz_ajax_posts\",\"post_class\":\"cz_grid_item\",\"post__in\":null,\"author__in\":null,\"nonce\":\"e41cd3cc34\",\"nonce_id\":\"cz_68496\",\"loadmore_end\":\"Not found more posts\",\"layout\":\"cz_posts_list_1\",\"hover\":\"cz_grid_1_title_sub_after cz_grid_1_has_excerpt\",\"image_size\":\"codevz_360_320\",\"subtitles\":\"%5B%7B%22t%22%3A%22date%22%7D%5D\",\"subtitle_pos\":\"\",\"icon\":\"fa czico-142-search-6\",\"el\":\"20\",\"title_lenght\":\"\",\"cat_tax\":\"category\",\"cat\":\"\",\"cat_exclude\":\"\",\"tag_tax\":\"post_tag\",\"tag_id\":\"\",\"tag_exclude\":\"\",\"post_type\":\"portfolio\",\"posts_per_page\":\"5\",\"order\":\"DESC\",\"orderby\":\"date\",\"tilt_data\":null,\"svg_sizes\":[\"360\",\"320\"],\"img_fx\":\"\",\"custom_size\":\"\",\"excerpt_rm\":\"true\",\"title_tag\":\"h4\",\"s\":\"\"}'><div class=\"cz_grid_item cz_grid_first\"><\/div><div data-id=\"2859\" class=\"cz_grid_item  cz_posts_list_even post-2859 portfolio type-portfolio status-publish format-standard has-post-thumbnail hentry portfolio_cat-equipements-specifiques\"><div class=\"clr\"><a class=\"cz_grid_link\" href=\"https:\/\/ntccglobal.com\/fr\/products\/atelier-de-maintenance-mobile-monte-sur-camion\/\" title=\"Atelier de maintenance mobile mont\u00e9 sur camion\"><img decoding=\"async\" width=\"360\" height=\"320\" src=\"https:\/\/ntccglobal.com\/wp-content\/uploads\/2026\/01\/Capture123-360x320.png\" class=\"attachment-codevz_360_320\" alt=\"\" title=\"Capture123\" \/><div class=\"cz_grid_details\"><i class=\"fa czico-142-search-6 cz_grid_icon\"><\/i><\/div><\/a><div class=\"cz_grid_details cz_grid_details_outside\"><a class=\"cz_grid_title\" href=\"https:\/\/ntccglobal.com\/fr\/products\/atelier-de-maintenance-mobile-monte-sur-camion\/\"><h4>Atelier de maintenance mobile mont\u00e9 sur camion<\/h4><\/a><small class=\"clr\"><span class=\"cz_post_data cz_data_date\"><a href=\"https:\/\/ntccglobal.com\/fr\/products\/atelier-de-maintenance-mobile-monte-sur-camion\/\">23 Jan<\/a><\/span><\/small><div class=\"cz_post_excerpt\">Chez National Trailers Export Company, nous concevons et fabriquons des camions-bennes 5 tonnes qui allient robustesse, s\u00e9curit\u00e9<a class=\"cz_readmore\" href=\"https:\/\/ntccglobal.com\/fr\/products\/atelier-de-maintenance-mobile-monte-sur-camion\/\"><i class=\"fa fa-angle-right\" aria-hidden=\"true\"><\/i><span>Read More<\/span><\/a><\/div><\/div><\/div><\/div><div data-id=\"2818\" class=\"cz_grid_item  cz_posts_list_odd post-2818 portfolio type-portfolio status-publish format-standard has-post-thumbnail hentry portfolio_cat-equipements-specifiques\"><div class=\"clr\"><a class=\"cz_grid_link\" href=\"https:\/\/ntccglobal.com\/fr\/products\/camion-de-lutte-contre-lincendie-equipe-mercedes-44\/\" title=\"Camion de lutte contre l\u2019incendie \u00e9quip\u00e9 \u2013 MERCEDES 4\u00d74\"><img decoding=\"async\" width=\"360\" height=\"320\" src=\"https:\/\/ntccglobal.com\/wp-content\/uploads\/2026\/01\/ein-mercedes-benz-actros-2031-aufgebaut-9525-360x320.jpg\" class=\"attachment-codevz_360_320\" alt=\"\" title=\"ein-mercedes-benz-actros-2031-aufgebaut-9525\" \/><div class=\"cz_grid_details\"><i class=\"fa czico-142-search-6 cz_grid_icon\"><\/i><\/div><\/a><div class=\"cz_grid_details cz_grid_details_outside\"><a class=\"cz_grid_title\" href=\"https:\/\/ntccglobal.com\/fr\/products\/camion-de-lutte-contre-lincendie-equipe-mercedes-44\/\"><h4>Camion de lutte contre l\u2019incendie \u00e9quip\u00e9 \u2013 MERCEDES 4\u00d74<\/h4><\/a><small class=\"clr\"><span class=\"cz_post_data cz_data_date\"><a href=\"https:\/\/ntccglobal.com\/fr\/products\/camion-de-lutte-contre-lincendie-equipe-mercedes-44\/\">12 Jan<\/a><\/span><\/small><div class=\"cz_post_excerpt\">Chez National Trailers Export Company, nous concevons et fabriquons des r\u00e9servoirs de carburant pour semi-remorques alliant <a class=\"cz_readmore\" href=\"https:\/\/ntccglobal.com\/fr\/products\/camion-de-lutte-contre-lincendie-equipe-mercedes-44\/\"><i class=\"fa fa-angle-right\" aria-hidden=\"true\"><\/i><span>Read More<\/span><\/a><\/div><\/div><\/div><\/div><div data-id=\"2794\" class=\"cz_grid_item  cz_posts_list_even post-2794 portfolio type-portfolio status-publish format-standard has-post-thumbnail hentry portfolio_cat-equipements-specifiques\"><div class=\"clr\"><a class=\"cz_grid_link\" href=\"https:\/\/ntccglobal.com\/fr\/products\/camion-de-lutte-contre-lincendie-equipe-380-24\/\" title=\"Camion de lutte contre l\u2019incendie \u00e9quip\u00e9 \u2013 380 2\u00d74\"><img decoding=\"async\" width=\"360\" height=\"195\" src=\"https:\/\/ntccglobal.com\/wp-content\/uploads\/2026\/01\/181203-11764323-1-360x195.jpg\" class=\"attachment-codevz_360_320\" alt=\"\" title=\"181203-11764323\" \/><div class=\"cz_grid_details\"><i class=\"fa czico-142-search-6 cz_grid_icon\"><\/i><\/div><\/a><div class=\"cz_grid_details cz_grid_details_outside\"><a class=\"cz_grid_title\" href=\"https:\/\/ntccglobal.com\/fr\/products\/camion-de-lutte-contre-lincendie-equipe-380-24\/\"><h4>Camion de lutte contre l\u2019incendie \u00e9quip\u00e9 \u2013 380 2\u00d74<\/h4><\/a><small class=\"clr\"><span class=\"cz_post_data cz_data_date\"><a href=\"https:\/\/ntccglobal.com\/fr\/products\/camion-de-lutte-contre-lincendie-equipe-380-24\/\">12 Jan<\/a><\/span><\/small><div class=\"cz_post_excerpt\">Chez National Trailers Export Company, nous concevons et fabriquons des r\u00e9servoirs de carburant pour semi-remorques alliant <a class=\"cz_readmore\" href=\"https:\/\/ntccglobal.com\/fr\/products\/camion-de-lutte-contre-lincendie-equipe-380-24\/\"><i class=\"fa fa-angle-right\" aria-hidden=\"true\"><\/i><span>Read More<\/span><\/a><\/div><\/div><\/div><\/div><div data-id=\"2787\" class=\"cz_grid_item  cz_posts_list_odd post-2787 portfolio type-portfolio status-publish format-standard has-post-thumbnail hentry portfolio_cat-camions\"><div class=\"clr\"><a class=\"cz_grid_link\" href=\"https:\/\/ntccglobal.com\/fr\/products\/bulldozer-3-m-956f-sdlg-fr\/\" title=\"Bulldozer 3 m &#8211; 956F SDLG\"><img decoding=\"async\" width=\"360\" height=\"290\" src=\"https:\/\/ntccglobal.com\/wp-content\/uploads\/2026\/01\/1405059133638-360x290.jpg\" class=\"attachment-codevz_360_320\" alt=\"\" title=\"1405059133638\" \/><div class=\"cz_grid_details\"><i class=\"fa czico-142-search-6 cz_grid_icon\"><\/i><\/div><\/a><div class=\"cz_grid_details cz_grid_details_outside\"><a class=\"cz_grid_title\" href=\"https:\/\/ntccglobal.com\/fr\/products\/bulldozer-3-m-956f-sdlg-fr\/\"><h4>Bulldozer 3 m &#8211; 956F SDLG<\/h4><\/a><small class=\"clr\"><span class=\"cz_post_data cz_data_date\"><a href=\"https:\/\/ntccglobal.com\/fr\/products\/bulldozer-3-m-956f-sdlg-fr\/\">12 Jan<\/a><\/span><\/small><div class=\"cz_post_excerpt\">Chez National Trailers Export Company, nous concevons et fabriquons des r\u00e9servoirs de carburant pour semi-remorques alliant <a class=\"cz_readmore\" href=\"https:\/\/ntccglobal.com\/fr\/products\/bulldozer-3-m-956f-sdlg-fr\/\"><i class=\"fa fa-angle-right\" aria-hidden=\"true\"><\/i><span>Read More<\/span><\/a><\/div><\/div><\/div><\/div><div data-id=\"2781\" class=\"cz_grid_item  cz_posts_list_even post-2781 portfolio type-portfolio status-publish format-standard has-post-thumbnail hentry portfolio_cat-camions\"><div class=\"clr\"><a class=\"cz_grid_link\" href=\"https:\/\/ntccglobal.com\/fr\/products\/camion-iveco-2x4-190\/\" title=\"Camion Iveco 2\u00d74 \u2013 190\"><img decoding=\"async\" width=\"360\" height=\"320\" src=\"https:\/\/ntccglobal.com\/wp-content\/uploads\/2026\/01\/ivec-360x320.jpg\" class=\"attachment-codevz_360_320\" alt=\"\" title=\"ivec\" \/><div class=\"cz_grid_details\"><i class=\"fa czico-142-search-6 cz_grid_icon\"><\/i><\/div><\/a><div class=\"cz_grid_details cz_grid_details_outside\"><a class=\"cz_grid_title\" href=\"https:\/\/ntccglobal.com\/fr\/products\/camion-iveco-2x4-190\/\"><h4>Camion Iveco 2\u00d74 \u2013 190<\/h4><\/a><small class=\"clr\"><span class=\"cz_post_data cz_data_date\"><a href=\"https:\/\/ntccglobal.com\/fr\/products\/camion-iveco-2x4-190\/\">12 Jan<\/a><\/span><\/small><div class=\"cz_post_excerpt\">Chez National Trailers Export Company, nous concevons et fabriquons des r\u00e9servoirs de carburant pour semi-remorques alliant <a class=\"cz_readmore\" href=\"https:\/\/ntccglobal.com\/fr\/products\/camion-iveco-2x4-190\/\"><i class=\"fa fa-angle-right\" aria-hidden=\"true\"><\/i><span>Read More<\/span><\/a><\/div><\/div><\/div><\/div><\/div><\/div>[\/vc_column][\/vc_row]<\/p>\n<\/section>","protected":false},"excerpt":{"rendered":"<p>Chez National Trailers Export Company, nous concevons et fabriquons des frigos pour camions 5 tonnes alliant performance&#8230; &#8230; <a class=\"cz_readmore\" href=\"https:\/\/ntccglobal.com\/fr\/products\/camion-iveco-2x4-190\/\"><i class=\"fa fa-angle-right\" aria-hidden=\"true\"><\/i><span>Read More<\/span><\/a><\/p>\n","protected":false},"author":1,"featured_media":2646,"comment_status":"closed","ping_status":"closed","template":"","format":"standard","meta":{"inline_featured_image":false},"portfolio_cat":[137],"portfolio_tags":[],"class_list":["post-2082","portfolio","type-portfolio","status-publish","format-standard","has-post-thumbnail","hentry","portfolio_cat-plateaux"],"_links":{"self":[{"href":"https:\/\/ntccglobal.com\/fr\/wp-json\/wp\/v2\/portfolio\/2082","targetHints":{"allow":["GET"]}}],"collection":[{"href":"https:\/\/ntccglobal.com\/fr\/wp-json\/wp\/v2\/portfolio"}],"about":[{"href":"https:\/\/ntccglobal.com\/fr\/wp-json\/wp\/v2\/types\/portfolio"}],"author":[{"embeddable":true,"href":"https:\/\/ntccglobal.com\/fr\/wp-json\/wp\/v2\/users\/1"}],"replies":[{"embeddable":true,"href":"https:\/\/ntccglobal.com\/fr\/wp-json\/wp\/v2\/comments?post=2082"}],"wp:featuredmedia":[{"embeddable":true,"href":"https:\/\/ntccglobal.com\/fr\/wp-json\/wp\/v2\/media\/2646"}],"wp:attachment":[{"href":"https:\/\/ntccglobal.com\/fr\/wp-json\/wp\/v2\/media?parent=2082"}],"wp:term":[{"taxonomy":"portfolio_cat","embeddable":true,"href":"https:\/\/ntccglobal.com\/fr\/wp-json\/wp\/v2\/portfolio_cat?post=2082"},{"taxonomy":"portfolio_tags","embeddable":true,"href":"https:\/\/ntccglobal.com\/fr\/wp-json\/wp\/v2\/portfolio_tags?post=2082"}],"curies":[{"name":"wp","href":"https:\/\/api.w.org\/{rel}","templated":true}]}}